{"id":1369,"date":"2018-07-15T15:20:42","date_gmt":"2018-07-15T13:20:42","guid":{"rendered":"https:\/\/www.maennerchor-oberneunforn.ch\/?page_id=1369"},"modified":"2023-05-12T19:06:23","modified_gmt":"2023-05-12T17:06:23","slug":"archiv","status":"publish","type":"page","link":"https:\/\/maennerchor-oberneunforn.ch\/?page_id=1369","title":{"rendered":"Archiv"},"content":{"rendered":"\n<h2 class=\"wp-block-heading\">Sonntag,&nbsp; &nbsp; &nbsp; &nbsp;12. September S\u00e4ngertag&nbsp; &nbsp; &nbsp; Frauenfeld<\/h2>\n\n\n\n<h2 class=\"wp-block-heading\">&nbsp;<\/h2>\n\n\n\n<h2 class=\"wp-block-heading\">Sonntag,&nbsp;&nbsp;&nbsp;&nbsp;&nbsp;&nbsp; 8. September&nbsp; S\u00e4ngertag&nbsp;&nbsp;&nbsp;&nbsp;&nbsp;&nbsp; Pfyn<\/h2>\n\n\n\n<figure class=\"wp-block-image\"><a class=\"thickbox\" href=\"https:\/\/maennerchor-oberneunforn.ch\/wp-admin\/media-upload.php?post_id=53&amp;type=image&amp;TB_iframe=1\"><img decoding=\"async\" src=\"https:\/\/maennerchor-oberneunforn.ch\/wp-content\/uploads\/2014\/09\/Verbandssaengertag-Pfyn-2019-0200-720x380.jpg\" alt=\"\"\/><\/a><\/figure>\n\n\n\n<p>Ziel erreicht! Laut Vorgabe f\u00fcr uns. Wir haben einen sch\u00f6nen Tag in Gemeinschaft erlebt, trotz Regen und erster Herbstk\u00e4lte. Unser Vortrag ist mit GUT bewertet worden und so l\u00f6ste sich die grosse Frage der Bewertung in entspannte &#8211; noch bessere Laune auf. Wir haben in einem sehr sch\u00f6nen Areal in Pfyn, in altert\u00fcmlich, ja historischem Ambiente gem\u00fctliche Stunden in bester Gemeinschaft verbracht und neue, interessante Bekannschaften kamen noch hinzu.<\/p>\n\n\n\n<p>Vorgeschichte: Innert relativ kurzer Zeit haben wir mit einem neuen Dirigenten unsere eingegebenen Lieder einge\u00fcbt und erhielten auf Anhieb die Note GUT. Das ist doch gut!<\/p>\n\n\n\n<p>Wir haben von den Experten Anregungen erhalten, wie wir uns noch weiter entwickeln k\u00f6nnen und in welche Richtung die Tradition der Schweizer S\u00e4ngergemeinschaft gehen will. Was wir davon umsetzen m\u00fcssten und k\u00f6nnen werden wir alle in n\u00e4chster Zeit noch besprechen. Egal was da heraus kommt, mit unserem &#8222;neuen&#8220; Dirigenten <strong>Christian Seidel<\/strong> werden wir in der Lage sein neues zu schaffen. Nicht zu vergessen: alleweil mit guter Stimmung und Zuversicht eine gute Kameradschaft zu pflegen. Darum DANK an ALLE f\u00fcr den grossartigen Einsatz und nat\u00fcrlich auch an unseren Dirigenten Christian und den F\u00e4hnerich Hermann.<\/p>\n\n\n\n<p>*****<\/p>\n\n\n\n<h3 class=\"wp-block-heading\">Erinnerung der S\u00e4ngerreise 2019; Bilder sagen mehr als tausend Worte . . . . <\/h3>\n\n\n\n<figure class=\"wp-block-gallery columns-3 is-cropped wp-block-gallery-1 is-layout-flex wp-block-gallery-is-layout-flex\"><ul class=\"blocks-gallery-grid\"><li class=\"blocks-gallery-item\"><figure><a href=\"https:\/\/maennerchor-oberneunforn.ch\/wp-content\/uploads\/2023\/05\/IMG_0717.jpg\"><img loading=\"lazy\" decoding=\"async\" width=\"320\" height=\"240\" src=\"https:\/\/maennerchor-oberneunforn.ch\/wp-content\/uploads\/2023\/05\/IMG_0717.jpg\" alt=\"\" data-id=\"1773\" data-full-url=\"https:\/\/maennerchor-oberneunforn.ch\/wp-content\/uploads\/2023\/05\/IMG_0717.jpg\" data-link=\"https:\/\/maennerchor-oberneunforn.ch\/?attachment_id=1773#main\" class=\"wp-image-1773\" srcset=\"https:\/\/maennerchor-oberneunforn.ch\/wp-content\/uploads\/2023\/05\/IMG_0717.jpg 320w, https:\/\/maennerchor-oberneunforn.ch\/wp-content\/uploads\/2023\/05\/IMG_0717-300x225.jpg 300w\" sizes=\"auto, (max-width: 320px) 100vw, 320px\" \/><\/a><\/figure><\/li><li class=\"blocks-gallery-item\"><figure><a href=\"https:\/\/maennerchor-oberneunforn.ch\/wp-content\/uploads\/2023\/05\/IMG_0719.jpg\"><img loading=\"lazy\" decoding=\"async\" width=\"320\" height=\"240\" src=\"https:\/\/maennerchor-oberneunforn.ch\/wp-content\/uploads\/2023\/05\/IMG_0719.jpg\" alt=\"\" data-id=\"1774\" data-full-url=\"https:\/\/maennerchor-oberneunforn.ch\/wp-content\/uploads\/2023\/05\/IMG_0719.jpg\" data-link=\"https:\/\/maennerchor-oberneunforn.ch\/?attachment_id=1774#main\" class=\"wp-image-1774\" srcset=\"https:\/\/maennerchor-oberneunforn.ch\/wp-content\/uploads\/2023\/05\/IMG_0719.jpg 320w, https:\/\/maennerchor-oberneunforn.ch\/wp-content\/uploads\/2023\/05\/IMG_0719-300x225.jpg 300w\" sizes=\"auto, (max-width: 320px) 100vw, 320px\" \/><\/a><\/figure><\/li><li class=\"blocks-gallery-item\"><figure><a href=\"https:\/\/maennerchor-oberneunforn.ch\/wp-content\/uploads\/2023\/05\/IMG_0721.jpg\"><img loading=\"lazy\" decoding=\"async\" width=\"320\" height=\"240\" src=\"https:\/\/maennerchor-oberneunforn.ch\/wp-content\/uploads\/2023\/05\/IMG_0721.jpg\" alt=\"\" data-id=\"1775\" data-full-url=\"https:\/\/maennerchor-oberneunforn.ch\/wp-content\/uploads\/2023\/05\/IMG_0721.jpg\" data-link=\"https:\/\/maennerchor-oberneunforn.ch\/?attachment_id=1775#main\" class=\"wp-image-1775\" srcset=\"https:\/\/maennerchor-oberneunforn.ch\/wp-content\/uploads\/2023\/05\/IMG_0721.jpg 320w, https:\/\/maennerchor-oberneunforn.ch\/wp-content\/uploads\/2023\/05\/IMG_0721-300x225.jpg 300w\" sizes=\"auto, (max-width: 320px) 100vw, 320px\" \/><\/a><\/figure><\/li><li class=\"blocks-gallery-item\"><figure><a href=\"https:\/\/maennerchor-oberneunforn.ch\/wp-content\/uploads\/2023\/05\/IMG_0726.jpg\"><img loading=\"lazy\" decoding=\"async\" width=\"320\" height=\"240\" src=\"https:\/\/maennerchor-oberneunforn.ch\/wp-content\/uploads\/2023\/05\/IMG_0726.jpg\" alt=\"\" data-id=\"1776\" data-full-url=\"https:\/\/maennerchor-oberneunforn.ch\/wp-content\/uploads\/2023\/05\/IMG_0726.jpg\" data-link=\"https:\/\/maennerchor-oberneunforn.ch\/?attachment_id=1776#main\" class=\"wp-image-1776\" srcset=\"https:\/\/maennerchor-oberneunforn.ch\/wp-content\/uploads\/2023\/05\/IMG_0726.jpg 320w, https:\/\/maennerchor-oberneunforn.ch\/wp-content\/uploads\/2023\/05\/IMG_0726-300x225.jpg 300w\" sizes=\"auto, (max-width: 320px) 100vw, 320px\" \/><\/a><\/figure><\/li><li class=\"blocks-gallery-item\"><figure><a href=\"https:\/\/maennerchor-oberneunforn.ch\/wp-content\/uploads\/2023\/05\/IMG_0730.jpg\"><img loading=\"lazy\" decoding=\"async\" width=\"320\" height=\"240\" src=\"https:\/\/maennerchor-oberneunforn.ch\/wp-content\/uploads\/2023\/05\/IMG_0730.jpg\" alt=\"\" data-id=\"1777\" data-full-url=\"https:\/\/maennerchor-oberneunforn.ch\/wp-content\/uploads\/2023\/05\/IMG_0730.jpg\" data-link=\"https:\/\/maennerchor-oberneunforn.ch\/?attachment_id=1777#main\" class=\"wp-image-1777\" srcset=\"https:\/\/maennerchor-oberneunforn.ch\/wp-content\/uploads\/2023\/05\/IMG_0730.jpg 320w, https:\/\/maennerchor-oberneunforn.ch\/wp-content\/uploads\/2023\/05\/IMG_0730-300x225.jpg 300w\" sizes=\"auto, (max-width: 320px) 100vw, 320px\" \/><\/a><\/figure><\/li><li class=\"blocks-gallery-item\"><figure><a href=\"https:\/\/maennerchor-oberneunforn.ch\/wp-content\/uploads\/2023\/05\/IMG_0732.jpg\"><img loading=\"lazy\" decoding=\"async\" width=\"320\" height=\"240\" src=\"https:\/\/maennerchor-oberneunforn.ch\/wp-content\/uploads\/2023\/05\/IMG_0732.jpg\" alt=\"\" data-id=\"1778\" data-full-url=\"https:\/\/maennerchor-oberneunforn.ch\/wp-content\/uploads\/2023\/05\/IMG_0732.jpg\" data-link=\"https:\/\/maennerchor-oberneunforn.ch\/?attachment_id=1778#main\" class=\"wp-image-1778\" srcset=\"https:\/\/maennerchor-oberneunforn.ch\/wp-content\/uploads\/2023\/05\/IMG_0732.jpg 320w, https:\/\/maennerchor-oberneunforn.ch\/wp-content\/uploads\/2023\/05\/IMG_0732-300x225.jpg 300w\" sizes=\"auto, (max-width: 320px) 100vw, 320px\" \/><\/a><\/figure><\/li><li class=\"blocks-gallery-item\"><figure><a href=\"https:\/\/maennerchor-oberneunforn.ch\/wp-content\/uploads\/2023\/05\/IMG_0739-rotated.jpg\"><img loading=\"lazy\" decoding=\"async\" width=\"240\" height=\"180\" src=\"https:\/\/maennerchor-oberneunforn.ch\/wp-content\/uploads\/2023\/05\/IMG_0739-rotated.jpg\" alt=\"\" data-id=\"1779\" data-full-url=\"https:\/\/maennerchor-oberneunforn.ch\/wp-content\/uploads\/2023\/05\/IMG_0739-rotated.jpg\" data-link=\"https:\/\/maennerchor-oberneunforn.ch\/?attachment_id=1779#main\" class=\"wp-image-1779\"\/><\/a><\/figure><\/li><li class=\"blocks-gallery-item\"><figure><a href=\"https:\/\/maennerchor-oberneunforn.ch\/wp-content\/uploads\/2023\/05\/IMG_0780.jpg\"><img loading=\"lazy\" decoding=\"async\" width=\"320\" height=\"240\" src=\"https:\/\/maennerchor-oberneunforn.ch\/wp-content\/uploads\/2023\/05\/IMG_0780.jpg\" alt=\"\" data-id=\"1780\" data-full-url=\"https:\/\/maennerchor-oberneunforn.ch\/wp-content\/uploads\/2023\/05\/IMG_0780.jpg\" data-link=\"https:\/\/maennerchor-oberneunforn.ch\/?attachment_id=1780#main\" class=\"wp-image-1780\" srcset=\"https:\/\/maennerchor-oberneunforn.ch\/wp-content\/uploads\/2023\/05\/IMG_0780.jpg 320w, https:\/\/maennerchor-oberneunforn.ch\/wp-content\/uploads\/2023\/05\/IMG_0780-300x225.jpg 300w\" sizes=\"auto, (max-width: 320px) 100vw, 320px\" \/><\/a><\/figure><\/li><li class=\"blocks-gallery-item\"><figure><a href=\"https:\/\/maennerchor-oberneunforn.ch\/wp-content\/uploads\/2023\/05\/IMG_0785.jpg\"><img loading=\"lazy\" decoding=\"async\" width=\"320\" height=\"240\" src=\"https:\/\/maennerchor-oberneunforn.ch\/wp-content\/uploads\/2023\/05\/IMG_0785.jpg\" alt=\"\" data-id=\"1781\" data-full-url=\"https:\/\/maennerchor-oberneunforn.ch\/wp-content\/uploads\/2023\/05\/IMG_0785.jpg\" data-link=\"https:\/\/maennerchor-oberneunforn.ch\/?attachment_id=1781#main\" class=\"wp-image-1781\" srcset=\"https:\/\/maennerchor-oberneunforn.ch\/wp-content\/uploads\/2023\/05\/IMG_0785.jpg 320w, https:\/\/maennerchor-oberneunforn.ch\/wp-content\/uploads\/2023\/05\/IMG_0785-300x225.jpg 300w\" sizes=\"auto, (max-width: 320px) 100vw, 320px\" \/><\/a><\/figure><\/li><li class=\"blocks-gallery-item\"><figure><a href=\"https:\/\/maennerchor-oberneunforn.ch\/wp-content\/uploads\/2023\/05\/IMG_0795.jpg\"><img loading=\"lazy\" decoding=\"async\" width=\"320\" height=\"75\" src=\"https:\/\/maennerchor-oberneunforn.ch\/wp-content\/uploads\/2023\/05\/IMG_0795.jpg\" alt=\"\" data-id=\"1782\" data-full-url=\"https:\/\/maennerchor-oberneunforn.ch\/wp-content\/uploads\/2023\/05\/IMG_0795.jpg\" data-link=\"https:\/\/maennerchor-oberneunforn.ch\/?attachment_id=1782#main\" class=\"wp-image-1782\" srcset=\"https:\/\/maennerchor-oberneunforn.ch\/wp-content\/uploads\/2023\/05\/IMG_0795.jpg 320w, https:\/\/maennerchor-oberneunforn.ch\/wp-content\/uploads\/2023\/05\/IMG_0795-300x70.jpg 300w\" sizes=\"auto, (max-width: 320px) 100vw, 320px\" \/><\/a><\/figure><\/li><li class=\"blocks-gallery-item\"><figure><a href=\"https:\/\/maennerchor-oberneunforn.ch\/wp-content\/uploads\/2023\/05\/IMG_0796.jpg\"><img loading=\"lazy\" decoding=\"async\" width=\"252\" height=\"320\" src=\"https:\/\/maennerchor-oberneunforn.ch\/wp-content\/uploads\/2023\/05\/IMG_0796.jpg\" alt=\"\" data-id=\"1783\" data-full-url=\"https:\/\/maennerchor-oberneunforn.ch\/wp-content\/uploads\/2023\/05\/IMG_0796.jpg\" data-link=\"https:\/\/maennerchor-oberneunforn.ch\/?attachment_id=1783#main\" class=\"wp-image-1783\" srcset=\"https:\/\/maennerchor-oberneunforn.ch\/wp-content\/uploads\/2023\/05\/IMG_0796.jpg 252w, https:\/\/maennerchor-oberneunforn.ch\/wp-content\/uploads\/2023\/05\/IMG_0796-236x300.jpg 236w\" sizes=\"auto, (max-width: 252px) 100vw, 252px\" \/><\/a><\/figure><\/li><\/ul><\/figure>\n\n\n\n<h2 class=\"wp-block-heading\">&nbsp;<em>Abendunterhaltung vom 2.\/3. Februar 2019&nbsp;<\/em><\/h2>\n\n\n\n<p><em>Der Jahresanlass, die Unterhaltung vom M\u00e4nnerchor ist schon wieder Geschichte, und es &#8222;t\u00f6nte gut bei uns&#8220;. Wir sind gl\u00fccklich \u00fcber den grossen Besucherandrang und danken der Bev\u00f6lkerung f\u00fcr die stete Unterst\u00fctzung, sowie den Sponsoren f\u00fcr die Vielzahl an Tombolapreisen und allen Beitr\u00e4gen. Das Kuchenbuffet ebenfalls dank Spenden von vielen Helferinnen und Helfern frisch zubereitet, war noch zum &#8222;d&#8216; Seel \u00e4 chli bamb\u00e4l\u00e4 zlo&#8220;. Zwar nicht griechischer, aber einheimischer Wein trug zur guten Stimmung bei und von New York kann man auch tr\u00e4umen, was dann im gleichnamigen Theaterst\u00fcck noch humorvoll &#8222;erkl\u00e4rt&#8220; wurde. Ohne Zwang, sondern als Zugabe sangen wir noch feierlich Amazing Grace zum Abschied. An Tagen wie diesen w\u00fcnscht man sich Unendlichkeit und ewig Zeit.<br>Allen Aktiven S\u00e4ngern, Musikern, und vor allem der Dirigentin Eveline Leutwyler und nicht zuletzt allen Mithelfern bei einem solches Fest sei herzlich gedankt und wir freuen uns auf eine erfolgreiche Zukunft. (Fotos von Andreas Schneller, Frauenfelderwoche)<br><\/em><\/p>\n\n\n\n<hr class=\"wp-block-separator\"\/>\n\n\n\n<h1 class=\"wp-block-heading\"><a href=\"https:\/\/maennerchor-oberneunforn.ch\/wp-content\/uploads\/2019\/02\/Foto4.jpg\"><img loading=\"lazy\" decoding=\"async\" class=\"alignnone wp-image-1484 size-full\" src=\"https:\/\/maennerchor-oberneunforn.ch\/wp-content\/uploads\/2019\/02\/Foto4.jpg\" alt=\"\" width=\"800\" height=\"307\" srcset=\"https:\/\/maennerchor-oberneunforn.ch\/wp-content\/uploads\/2019\/02\/Foto4.jpg 800w, https:\/\/maennerchor-oberneunforn.ch\/wp-content\/uploads\/2019\/02\/Foto4-300x115.jpg 300w, https:\/\/maennerchor-oberneunforn.ch\/wp-content\/uploads\/2019\/02\/Foto4-768x295.jpg 768w, https:\/\/maennerchor-oberneunforn.ch\/wp-content\/uploads\/2019\/02\/Foto4-400x154.jpg 400w\" sizes=\"auto, (max-width: 800px) 100vw, 800px\" \/><\/a><\/h1>\n\n\n\n<hr class=\"wp-block-separator\"\/>\n\n\n\n<h3 class=\"wp-block-heading\">Fotos und Bericht von Therese Schurter<\/h3>\n\n\n\n<figure class=\"wp-block-image\"><a href=\"https:\/\/maennerchor-oberneunforn.ch\/wp-content\/uploads\/2019\/02\/IMG_6746.jpg\"><img loading=\"lazy\" decoding=\"async\" width=\"300\" height=\"200\" src=\"https:\/\/maennerchor-oberneunforn.ch\/wp-content\/uploads\/2019\/02\/IMG_6746-300x200.jpg\" alt=\"\" class=\"wp-image-1491\" srcset=\"https:\/\/maennerchor-oberneunforn.ch\/wp-content\/uploads\/2019\/02\/IMG_6746-300x200.jpg 300w, https:\/\/maennerchor-oberneunforn.ch\/wp-content\/uploads\/2019\/02\/IMG_6746-768x512.jpg 768w, https:\/\/maennerchor-oberneunforn.ch\/wp-content\/uploads\/2019\/02\/IMG_6746-1024x683.jpg 1024w, https:\/\/maennerchor-oberneunforn.ch\/wp-content\/uploads\/2019\/02\/IMG_6746-272x182.jpg 272w, https:\/\/maennerchor-oberneunforn.ch\/wp-content\/uploads\/2019\/02\/IMG_6746-400x267.jpg 400w\" sizes=\"auto, (max-width: 300px) 100vw, 300px\" \/><\/a><\/figure>\n\n\n\n<figure class=\"wp-block-image\"><a href=\"https:\/\/maennerchor-oberneunforn.ch\/wp-content\/uploads\/2019\/02\/IMG_6742.jpg\"><img loading=\"lazy\" decoding=\"async\" width=\"300\" height=\"200\" src=\"https:\/\/maennerchor-oberneunforn.ch\/wp-content\/uploads\/2019\/02\/IMG_6742-300x200.jpg\" alt=\"\" class=\"wp-image-1490\" srcset=\"https:\/\/maennerchor-oberneunforn.ch\/wp-content\/uploads\/2019\/02\/IMG_6742-300x200.jpg 300w, https:\/\/maennerchor-oberneunforn.ch\/wp-content\/uploads\/2019\/02\/IMG_6742-768x512.jpg 768w, https:\/\/maennerchor-oberneunforn.ch\/wp-content\/uploads\/2019\/02\/IMG_6742-1024x683.jpg 1024w, https:\/\/maennerchor-oberneunforn.ch\/wp-content\/uploads\/2019\/02\/IMG_6742-272x182.jpg 272w, https:\/\/maennerchor-oberneunforn.ch\/wp-content\/uploads\/2019\/02\/IMG_6742-400x267.jpg 400w\" sizes=\"auto, (max-width: 300px) 100vw, 300px\" \/><\/a><\/figure>\n\n\n\n<figure class=\"wp-block-image\"><a href=\"https:\/\/maennerchor-oberneunforn.ch\/wp-content\/uploads\/2019\/02\/IMG_6740.jpg\"><img loading=\"lazy\" decoding=\"async\" width=\"300\" height=\"200\" src=\"https:\/\/maennerchor-oberneunforn.ch\/wp-content\/uploads\/2019\/02\/IMG_6740-300x200.jpg\" alt=\"\" class=\"wp-image-1489\" srcset=\"https:\/\/maennerchor-oberneunforn.ch\/wp-content\/uploads\/2019\/02\/IMG_6740-300x200.jpg 300w, https:\/\/maennerchor-oberneunforn.ch\/wp-content\/uploads\/2019\/02\/IMG_6740-768x512.jpg 768w, https:\/\/maennerchor-oberneunforn.ch\/wp-content\/uploads\/2019\/02\/IMG_6740-1024x683.jpg 1024w, https:\/\/maennerchor-oberneunforn.ch\/wp-content\/uploads\/2019\/02\/IMG_6740-272x182.jpg 272w, https:\/\/maennerchor-oberneunforn.ch\/wp-content\/uploads\/2019\/02\/IMG_6740-400x267.jpg 400w\" sizes=\"auto, (max-width: 300px) 100vw, 300px\" \/><\/a><\/figure>\n\n\n\n<p>\u00abDer M\u00e4nnerchor Oberneunforn bot in der dekorierten Turnhalle des Primarschulhauses Riet-acker am Samstagabend sowie am Sonntagmittag beste Unterhaltung.<br>Unterst\u00fctzt von musikalischer Begleitung und dem Auftritt von Theaterspielern.<br>Therese Schurter Die Dirigentin Evelyne Leutwyler hatte mit ihren 21 S\u00e4ngern elf -beschwingt-fr\u00f6hliche Lieder einge\u00fcbt, und dank der musikalischen Begleitung der drei Musiker Michael Indermaur am Klavier, Nino K\u00fcchlin am Bass und Rico Strasser an der Caj\u00f3n erf\u00fcllten die Kl\u00e4nge den Raum und begeisterten das Publikum.<br>\u00abWir m\u00f6chten den Zuh\u00f6rern einige unterhaltsame Stunden bereiten\u00bb, sagte die Dirigentin gleich zu Beginn. Und:<br>\u00abAuch die S\u00e4nger sollen Freude haben, und dies soll aufs Publikum \u00fcberschwappen.\u00bb Dieses Vorhaben wurde bestens erf\u00fcllt.<br>Beim aufgef\u00fchrten Schwank blieb kein Auge trocken.<br>Markus Hofer als Altersheimbewohner R\u00f6bi Moser ging in seiner Rolle f\u00f6rmlich auf, die Lachmuskeln der Zuschauer wurden arg strapaziert.<br>Zusammen mit seinem Zimmernachbarn Johannes Junker, gespielt von Ueli Brack, der Geburtstag feierte und von New York tr\u00e4umte, \u00fcberzeugten die beiden vor allem mit ihrer Mimik.<br>Und ob die Heimleiterin Frau Geissberger ahnte, dass sie mit wenig schmeichelhaften \u00dcbernamen wie Frau Geissbock oder Frau Gewittergeiss betitelt wurde? Wohl kaum &#8230;<br>Kulinarisch kamen die Besucher nicht zu kurz.<br>Das Abend- beziehungsweise Mittagessen schmeckte, und das Kuchenbuffet fand grossen Anklang.<br>Die Tombola wartete auf ihre Gewinner, und die zum Schluss durchgef\u00fchrte Nietenverlosung lockte mit attraktiven Preisen:<br>Als Hauptpreis gab es einen Rundflug ab Flugplatz Lommis zu gewinnen.<br>Der Zweitplatzierte erhielt einen Gutschein des Restaurants Traube in Dietingen, und der Drittplatzierte durfte sich \u00fcber einen reichhaltigen Fr\u00fcchtekorb freuen.<br>\u00abVoller Elan trotz wenig Schlaf.\u00bb Am Samstagabend waren die Musiker der Formation Tiroler Alpenfunk zu Gast und \u00fcberzeugten die Besucher von der ersten Minute an.<br>Das Tanzbein wurde fleissig geschwungen.<br>Gute Stimmung herrschte am sp\u00e4teren Abend auch an der Bar.<br>Die letzten Besucher verabschiedeten sich nach f\u00fcnf Uhr in der Fr\u00fch und mit ihnen auch Dirigentin Evelyne Leutwyler, die eben auch Initiantin und Hauptverantwortliche der Bar war.<br>Nach nur vier Stunden Schlaf stand sie am Sonntagmittag voller Elan wieder im Einsatz.<br>Da soll noch einer behaupten, die M\u00e4nnerchor-Unterhaltung sei nur etwas f\u00fcr die Alten!<\/p>\n\n\n\n<h1 class=\"wp-block-heading\">Konzerte 2016<\/h1>\n\n\n\n<h3 class=\"wp-block-heading\">Weihnachtskonzert&nbsp;in der Kirche Oberneunforn<\/h3>\n\n\n\n<p class=\"has-text-align-left\"><strong>Sonntag 18. Dez. 2016 um 18.00 h<\/strong><\/p>\n\n\n\n<ul class=\"wp-block-list\"><li style=\"text-align: left;\">Belcanto-Chor Hilzingen<\/li><li style=\"text-align: left;\">Comedian tales<\/li><li style=\"text-align: left;\">M\u00e4nnerchor Oberneunforn (dirigiert von Evelyne Leutwyler)<\/li><\/ul>\n\n\n\n<p>begleitet mit Weihnachtsgedanken von Bruno Ammann<\/p>\n\n\n\n<hr class=\"wp-block-separator\"\/>\n\n\n\n<p><a href=\"https:\/\/maennerchor-oberneunforn.ch\/wp-content\/uploads\/2016\/05\/DSC08940_1680.jpg\"><img loading=\"lazy\" decoding=\"async\" class=\"alignnone size-medium wp-image-781\" style=\"float: right; margin-left: 12px; margin-bottom: 5px;\" src=\"https:\/\/maennerchor-oberneunforn.ch\/wp-content\/uploads\/2016\/05\/DSC08940_1680-300x200.jpg\" alt=\"\" width=\"300\" height=\"200\" srcset=\"https:\/\/maennerchor-oberneunforn.ch\/wp-content\/uploads\/2016\/05\/DSC08940_1680-300x200.jpg 300w, https:\/\/maennerchor-oberneunforn.ch\/wp-content\/uploads\/2016\/05\/DSC08940_1680-768x512.jpg 768w, https:\/\/maennerchor-oberneunforn.ch\/wp-content\/uploads\/2016\/05\/DSC08940_1680-1024x683.jpg 1024w, https:\/\/maennerchor-oberneunforn.ch\/wp-content\/uploads\/2016\/05\/DSC08940_1680-272x182.jpg 272w, https:\/\/maennerchor-oberneunforn.ch\/wp-content\/uploads\/2016\/05\/DSC08940_1680-400x267.jpg 400w, https:\/\/maennerchor-oberneunforn.ch\/wp-content\/uploads\/2016\/05\/DSC08940_1680.jpg 1680w\" sizes=\"auto, (max-width: 300px) 100vw, 300px\" \/><\/a>Der M\u00e4nnerchor Oberneunforn plant jedes Jahr an ausgew\u00e4hlten Feiertagen oder zu besonderen Anl\u00e4ssen Konzerte f\u00fcr die Einwohner der <a title=\"Politische Gemeinde Neunforn\" href=\"http:\/\/www.neunforn.ch\/\" target=\"_blank\" rel=\"noopener noreferrer\">politischen Gemeinde Neunforn<\/a>. Diese werden jeweils innerhalb der Gemeinden Oberneunforn, Niederneunforn und Wilen ausgeschrieben. Selbstverst\u00e4ndlich sind auch alle ausw\u00e4rtigen Besucher jederzeit&nbsp;herzlich willkommen. Wir freuen uns darauf, Sie mit unseren Liedern unterhalten zu d\u00fcrfen.<\/p>\n\n\n\n<p>Die Teilnahme des M\u00e4nnerchors Oberneunforn an Gesangveranstaltungen der verschiedenen regionalen, kantonalen und gesamtschweizerischen&nbsp;<a title=\"Verb\u00e4nde\" href=\"https:\/\/maennerchor-oberneunforn.ch\/?page_id=59\">Verb\u00e4nde<\/a>&nbsp;ist auch immer wieder ein Bestandteil unseres j\u00e4hrlichen Programms. Oftmals besteht dabei f\u00fcr die angemeldeten&nbsp;Ch\u00f6re auch die M\u00f6glichkeit, die gesangliche Leistung von einem Expertengremium bewerten zu lassen. Eine Gesangveranstaltung ist aber in erster Linie ein Fest und eine Gelegenheit in einer geselligen Atmosph\u00e4re Kontakte zu anderen Ch\u00f6ren zu kn\u00fcpfen und zu pflegen.<\/p>\n\n\n\n<hr class=\"wp-block-separator\"\/>\n\n\n\n<h3 class=\"wp-block-heading\">Jahresversammlung 2016<\/h3>\n\n\n\n<p>Montag, 23. Mai&nbsp;2016, 19:30 Uhr im Gasthaus Krone in Oberneunforn.<\/p>\n\n\n\n<p>Die Jahresversammlung 2016 beginnt um 19:30 Uhr mit einem kleinen Abendessen. Die Behandlung der Traktanden erfolgt im Anschluss ab ca. 20:30 Uhr.<\/p>\n\n\n\n<h3 class=\"wp-block-heading\">Freundschafts-Singen mit dem M\u00e4nnerchor&nbsp;Kohlbrunn<\/h3>\n\n\n\n<p>Freitag, 19. August 2016, 20:00 Uhr (prov.) in der Gartenwirtschaft des Restaurant Linde in Oberlangenhard.<\/p>\n\n\n\n<h3 class=\"wp-block-heading\">Herbstversammlung<\/h3>\n\n\n\n<p>Montag, 28. November 2016, 20:15 Uhr im Gasthaus Krone in Oberneunforn.<\/p>\n\n\n\n<p><a href=\"https:\/\/maennerchor-oberneunforn.ch\/?page_id=729\">[Vorjahre]<\/a><\/p>\n\n\n\n<h3 class=\"wp-block-heading\">&nbsp;<\/h3>\n\n\n\n<h3 class=\"wp-block-heading\">Fr\u00fchlingskonzert<\/h3>\n\n\n\n<p>Die Welt ver\u00e4ndert sich rasend schnell und auch der M\u00e4nnerchor Oberneunforn muss sich den damit verbundenen Herausforderungen stellen. Wir laden Sie deshalb ganz herzlich zu unserem Fr\u00fchlingskonzert&nbsp;ein, an dem wir sie mit einer Auswahl verschiedenster Lieder unter der musikalischen Leitung von Evelyne Leutwyler unterhalten m\u00f6chten.<\/p>\n\n\n\n<p><strong>Datum\/Zeit:<\/strong> Samstag, 21. Mai 2016, 19:00 Uhr<br><strong>Ort:<\/strong>&nbsp;Evangelische Kirche in Oberneunforn<br><strong>Eintritt:<\/strong> Frei (Kollekte)<\/p>\n\n\n\n<p>Der M\u00e4nnerchor Oberneunforn offeriert im Anschluss an das Konzert allen Besuchern einen Ap\u00e9ro.<\/p>\n\n\n\n<hr class=\"wp-block-separator\"\/>\n\n\n\n<h1 class=\"wp-block-heading\">Konzerte 2015<\/h1>\n\n\n\n<h3 class=\"wp-block-heading\">Muttertags-Singen<\/h3>\n\n\n\n<p>Der M\u00e4nnerchor Oberneunforn heisst&nbsp;alle M\u00fctter, Grossm\u00fctter, Urgrossm\u00fctter&nbsp;und all Ihre Lieben herzlich willkommen zu&nbsp;unserem traditionellen <a title=\"Muttertags-Singen vom 10. Mai 2015\" href=\"https:\/\/maennerchor-oberneunforn.ch\/download\/Konzerte\/Muttertags-Singen_2015-05-10.pdf\" target=\"_blank\" rel=\"noopener noreferrer\">Muttertags-Singen<\/a>.<\/p>\n\n\n\n<p>Wir freuen uns darauf, Sie mit unseren Liedern&nbsp;einen Augenblick aus dem Alltag entf\u00fchren zu d\u00fcrfen!<\/p>\n\n\n\n<p><strong>Datum\/Zeit:<\/strong> Sonntag, 10. Mai 2015, 19:00 Uhr<br><strong>Ort:<\/strong> Mehrzweckraum der Gemeindeverwaltung in Oberneunforn<\/p>\n\n\n\n<p>Der M\u00e4nnerchor Oberneunforn offeriert im Anschluss an das Muttertags-Singen allen Besuchern einen Ap\u00e9ro.<\/p>\n\n\n\n<h3 class=\"wp-block-heading\">Schweizer Gesangfest Meiringen<\/h3>\n\n\n\n<p>Am <a title=\"Schweizer Gesangfest Meiringen\" href=\"http:\/\/www.gesangfest.ch\/\" target=\"_blank\" rel=\"noopener noreferrer\">Schweizer Gesangfest Meiringen<\/a>&nbsp;vom 12. bis 21. Juni 2015 treten ca.&nbsp;60 Ch\u00f6re aus allen Landesteilen an 19 <a title=\"Festkonzerte\" href=\"http:\/\/www.gesangfest.ch\/de\/Angebot\/Singen\/Festkonzerte\" target=\"_blank\" rel=\"noopener noreferrer\">Festkonzerten<\/a> auf. 443 Ch\u00f6re aus der ganzen Schweiz haben sich im Rahmen der Veranstaltung f\u00fcr das <a title=\"Singen vor Experten\" href=\"http:\/\/www.gesangfest.ch\/de\/Angebot\/Singen\/Singen_vor_Experten\" target=\"_blank\" rel=\"noopener noreferrer\">Singen vor Experten<\/a> angemeldet. Der M\u00e4nnerchor Oberneunforn geh\u00f6rt auch dazu. Wir werden mit den Liedern &#8222;You Raise Me Up&#8220;, &#8222;Kalinka&#8220; und &#8222;Do You Hear The People Sing?&#8220; teilnehmen (<a href=\"https:\/\/maennerchor-oberneunforn.ch\/download\/Konzerte\/Schweizer_Gesangfest_Meiringen_2015.m4a\" target=\"_blank\" rel=\"noopener noreferrer\">MP4-Datei<\/a>).<\/p>\n\n\n\n<p><strong>Datum\/Zeit:<\/strong> Samstag, 13. Juni 2015, 10:15 Uhr<\/p>\n\n\n\n<p><strong>Ort:<\/strong>&nbsp;KHG Saal in Meiringen (siehe <a href=\"http:\/\/www.gesangfest.ch\/cmsfiles\/ortsplan_gesangfest.pdf\" target=\"_blank\" rel=\"noopener noreferrer\">Ortsplan<\/a>)<\/p>\n\n\n\n<p>Ein Besuch des&nbsp;Schweizer Gesangfest Meiringen lohnt sich und wir w\u00fcrden uns freuen, wenn Sie uns als Zuh\u00f6rer unterst\u00fctzen w\u00fcrden.<\/p>\n\n\n\n<h3 class=\"wp-block-heading\">Stammertal-Singen<\/h3>\n\n\n\n<p>Der M\u00e4nnerchor Oberneunforn freut sich darauf,&nbsp;die Bewohner des <a href=\"http:\/\/www.apz-stammertal.ch\/\" target=\"_blank\" rel=\"noopener noreferrer\">Alters- und Pflegezentrums Stammertal<\/a> mit einer Auswahl von Liedern unterhalten zu d\u00fcrfen.<\/p>\n\n\n\n<p><strong>Datum\/Zeit:<\/strong> Montag, 15. Juni 2015, 19:00 Uhr<br><strong>Ort:<\/strong> Alters- und Pflegezentrum Stammertal in Oberstammheim<\/p>\n\n\n\n<h3 class=\"wp-block-heading\">100 Jahre M\u00e4nnerchor Buch bei Frauenfeld<\/h3>\n\n\n\n<p>Der <a title=\"M\u00e4nnerchor Buch bei Frauenfeld\" href=\"http:\/\/www.maennerchor-buch.ch\/\" target=\"_blank\" rel=\"noopener noreferrer\">M\u00e4nnerchor Buch bei Frauenfeld<\/a> feiert im Jahr 2015 sein 100-j\u00e4hriges Bestehen. Dieses freudige Ereignis wird mit einem S\u00e4ngertag unter Mitwirkung der Ch\u00f6re des S\u00e4ngerverbands Harmonie gefeiert.<\/p>\n\n\n\n<p><strong>Datum\/Zeit:<\/strong>&nbsp;Sonntag, 30. August 2015, 10:00 Uhr<br><strong>Ort:<\/strong>&nbsp;Kapelle in Buch bei Frauenfeld (siehe <a href=\"http:\/\/www.maennerchor-buch.ch\/maennerchor-buch.ch\/Situationsplan.html\" target=\"_blank\" rel=\"noopener noreferrer\">Situationsplan<\/a>)<\/p>\n\n\n\n<h3 class=\"wp-block-heading\">Bettags-Gottesdienst (Bettags-Singen)<\/h3>\n\n\n\n<p>Wir laden Sie ein zur Teilnahme am Bettags-Gottesdienst der <a title=\"Evangelische Kirchgemeinde Neunforn\" href=\"http:\/\/www.neunforn.ch\/kirchgemeinde\/evangelische-kirchgemeinde\" target=\"_blank\" rel=\"noopener noreferrer\">Evangelischen Kirchgemeinde Neunforn<\/a> unter Mitwirkung des M\u00e4nnerchors Oberneunforn.<\/p>\n\n\n\n<p><strong>Datum\/Zeit:<\/strong> Sonntag, 20. September 2015, 09:30 Uhr<br><strong>Ort:<\/strong> Evangelische Kirche in Oberneunforn<\/p>\n\n\n\n<hr class=\"wp-block-separator\"\/>\n\n\n\n<h1 class=\"wp-block-heading\">&nbsp;Konzerte 2014<\/h1>\n\n\n\n<h3 class=\"wp-block-heading\">Muttertags-Singen<\/h3>\n\n\n\n<p>Der M\u00e4nnerchor Oberneunforn heisst&nbsp;alle M\u00fctter, Grossm\u00fctter, Urgrossm\u00fctter&nbsp;und all Ihre Lieben herzlich willkommen zu&nbsp;unserem traditionellen <a title=\"Muttertags-Singen vom 11. Mai 2014\" href=\"https:\/\/maennerchor-oberneunforn.ch\/download\/Konzerte\/Muttertags-Singen_2014-05-11.pdf\" target=\"_blank\" rel=\"noopener noreferrer\">Muttertags-Singen<\/a>.<\/p>\n\n\n\n<p>Wir freuen uns darauf, Sie mit unseren Liedern&nbsp;einen Augenblick aus dem Alltag entf\u00fchren zu d\u00fcrfen!<\/p>\n\n\n\n<p><strong>Datum\/Zeit:<\/strong> Sonntag, 11. Mai 2014, 19:00 Uhr<br><strong>Ort:<\/strong> Mehrzweckraum der Gemeindeverwaltung in Oberneunforn<\/p>\n\n\n\n<p>Der M\u00e4nnerchor Oberneunforn offeriert im Anschluss an das Muttertags-Singen allen Besuchern einen Ap\u00e9ro.<\/p>\n\n\n\n<h3 class=\"wp-block-heading\">Bettags-Gottesdienst (Bettags-Singen)<\/h3>\n\n\n\n<p>Wir laden Sie ein zur Teilnahme am Bettags-Gottesdienst der <a title=\"Evangelische Kirchgemeinde Neunforn\" href=\"http:\/\/www.neunforn.ch\/kirchgemeinde\/evangelische-kirchgemeinde\" target=\"_blank\" rel=\"noopener noreferrer\">Evangelischen Kirchgemeinde Neunforn<\/a> unter Mitwirkung des M\u00e4nnerchors Oberneunforn.<\/p>\n\n\n\n<p><strong>Datum\/Zeit:<\/strong> Sonntag, 21. September 2014, 09:30 Uhr<br><strong>Ort:<\/strong> Evangelische Kirche in Oberneunforn<\/p>\n\n\n\n<p><\/p>\n","protected":false},"excerpt":{"rendered":"<p>Sonntag,&nbsp; &nbsp; &nbsp; &nbsp;12. September S\u00e4ngertag&nbsp; &nbsp; &nbsp; Frauenfeld &nbsp; Sonntag,&nbsp;&nbsp;&nbsp;&nbsp;&nbsp;&nbsp; 8. September&nbsp; S\u00e4ngertag&nbsp;&nbsp;&nbsp;&nbsp;&nbsp;&nbsp; Pfyn Ziel erreicht! Laut Vorgabe f\u00fcr uns. Wir haben einen sch\u00f6nen Tag in Gemeinschaft erlebt, trotz Regen und erster Herbstk\u00e4lte. Unser Vortrag ist mit GUT bewertet worden und so l\u00f6ste sich die grosse Frage der Bewertung in entspannte &#8211; noch bessere [&hellip;]<\/p>\n","protected":false},"author":4,"featured_media":0,"parent":0,"menu_order":0,"comment_status":"closed","ping_status":"closed","template":"","meta":{"footnotes":""},"class_list":["post-1369","page","type-page","status-publish","hentry","post"],"_links":{"self":[{"href":"https:\/\/maennerchor-oberneunforn.ch\/index.php?rest_route=\/wp\/v2\/pages\/1369","targetHints":{"allow":["GET"]}}],"collection":[{"href":"https:\/\/maennerchor-oberneunforn.ch\/index.php?rest_route=\/wp\/v2\/pages"}],"about":[{"href":"https:\/\/maennerchor-oberneunforn.ch\/index.php?rest_route=\/wp\/v2\/types\/page"}],"author":[{"embeddable":true,"href":"https:\/\/maennerchor-oberneunforn.ch\/index.php?rest_route=\/wp\/v2\/users\/4"}],"replies":[{"embeddable":true,"href":"https:\/\/maennerchor-oberneunforn.ch\/index.php?rest_route=%2Fwp%2Fv2%2Fcomments&post=1369"}],"version-history":[{"count":8,"href":"https:\/\/maennerchor-oberneunforn.ch\/index.php?rest_route=\/wp\/v2\/pages\/1369\/revisions"}],"predecessor-version":[{"id":1784,"href":"https:\/\/maennerchor-oberneunforn.ch\/index.php?rest_route=\/wp\/v2\/pages\/1369\/revisions\/1784"}],"wp:attachment":[{"href":"https:\/\/maennerchor-oberneunforn.ch\/index.php?rest_route=%2Fwp%2Fv2%2Fmedia&parent=1369"}],"curies":[{"name":"wp","href":"https:\/\/api.w.org\/{rel}","templated":true}]}}