{"id":736,"date":"2016-01-26T17:02:40","date_gmt":"2016-01-26T16:02:40","guid":{"rendered":"https:\/\/www.maennerchor-oberneunforn.ch\/?page_id=736"},"modified":"2023-11-06T12:01:38","modified_gmt":"2023-11-06T11:01:38","slug":"konzerte-mehr","status":"publish","type":"page","link":"https:\/\/maennerchor-oberneunforn.ch\/?page_id=736","title":{"rendered":"Vergangene Konzerte"},"content":{"rendered":"<h2>Abendunterhaltung, 1.\/2. Februar 2020<\/h2>\n<p>Kunterbunt ging die Abendunterhaltung unter der Leitung von Christian Seidel \u00fcber die B\u00fchne. Ohne grosse Nervosit\u00e4t, aber mit Humor gab er Kostproben gelebter Musik. Das Konzert begann mit schwungvollen Melodien aus Osteuropa und dem Balkan mit rassigen, feurigen T\u00e4nze mit Liebesschw\u00fcren an unerreichbare Grazien, die den M\u00e4nnern nur den Kopf verdrehen.<br \/>\nMit einem Singspiel wurde einem vor Augen gef\u00fchrt, wie ein &#8222;Bummelverein&#8220; funktioniert, aber mit Leidenschaft zum Singen, doch am Leben bleibt. Eine gute Kameradschaft tut noch das \u00fcbrige dazu*.<br \/>\nWeiter ging es mit einer Muse. Ein Bisschen Frieden f\u00fcr die ganze Welt. Dich zu Lieben &#8211; ein guter Lebensstil: &#8222;Hulapalu&#8220; w\u00e4re das Geheimnis dazu, ist aber nicht ganz Jugendfrei, was ist schon dabei? Nicht die Sehnsucht nach New York ist im Publikum verbreitet, sondern die j\u00e4hrliche Abendunterhaltung in fr\u00f6hlicher Gesellschaft zu erleben. Mit Ausklang an der Bar mit Eveline macht die Nacht perfekt. Nochmals ein Dank an alle, die sich f\u00fcr einen solchen Anlass jeweils engagieren und einsetzen; allen voran an den Pr\u00e4si- denten Bruno R\u00f6thlisberger, der neben den Arbeitsvorbereitungen (-einteilungen) auch noch die Regie vom Theater f\u00fchrt. *\u00dcbrigens auch dieses Jahr war es wieder unterhaltsam und sorgte f\u00fcr viele Lacher. Das Kuchenb\u00fcffet war auch dieses Jahr wieder sehr viel f\u00e4ltig und lecker: Dank an alle Spender.<\/p>\n<pre><\/pre>\n<h2><em>Abendunterhaltung, 2.\/3. Februar 2019\u00a0<\/em><\/h2>\n<p><em>Der Jahresanlass, die Unterhaltung vom M\u00e4nnerchor ist schon wieder Geschichte, und es &#8222;t\u00f6nte gut bei uns&#8220;. Wir sind gl\u00fccklich \u00fcber den grossen Besucherandrang und danken der Bev\u00f6lkerung f\u00fcr die stete Unterst\u00fctzung, sowie den Sponsoren f\u00fcr die Vielzahl an Tombolapreisen und allen Beitr\u00e4gen. Das Kuchenbuffet ebenfalls dank Spenden von vielen Helferinnen und Helfern frisch zubereitet, war noch zum &#8222;d&#8216; Seel \u00e4 chli bamb\u00e4l\u00e4 zlo&#8220;. Zwar nicht griechischer, aber einheimischer Wein trug zur guten Stimmung bei und von New York kann man auch tr\u00e4umen, was dann im gleichnamigen Theaterst\u00fcck noch humorvoll &#8222;erkl\u00e4rt&#8220; wurde. Ohne Zwang, sondern als Zugabe sangen wir noch feierlich Amazing Gracce zum Abschied. An Tagen wie diesen w\u00fcnscht man sich Unendlichkeit und ewig Zeit.<br \/>\nAllen Aktiven S\u00e4ngern, Musikern, und vor allem der Dirigentin Eveline Leutwyler und nicht zuletzt allen Mithelfern bei einem solches Fest sei herzlich gedankt und wir freuen uns auf eine erfolgreiche Zukunft. (Fotos von Andreas Schneller, Frauenfelderwoche)<\/em><\/p>\n<h3><a href=\"https:\/\/maennerchor-oberneunforn.ch\/wp-content\/uploads\/2019\/02\/Foto4.jpg\"><img loading=\"lazy\" decoding=\"async\" class=\"alignnone size-full wp-image-1484\" src=\"https:\/\/maennerchor-oberneunforn.ch\/wp-content\/uploads\/2019\/02\/Foto4.jpg\" alt=\"\" width=\"800\" height=\"307\" srcset=\"https:\/\/maennerchor-oberneunforn.ch\/wp-content\/uploads\/2019\/02\/Foto4.jpg 800w, https:\/\/maennerchor-oberneunforn.ch\/wp-content\/uploads\/2019\/02\/Foto4-300x115.jpg 300w, https:\/\/maennerchor-oberneunforn.ch\/wp-content\/uploads\/2019\/02\/Foto4-768x295.jpg 768w, https:\/\/maennerchor-oberneunforn.ch\/wp-content\/uploads\/2019\/02\/Foto4-400x154.jpg 400w\" sizes=\"auto, (max-width: 800px) 100vw, 800px\" \/><\/a><\/h3>\n<hr \/>\n<h3>Fotos und Bericht von Therese Schurter<\/h3>\n<p><a href=\"https:\/\/maennerchor-oberneunforn.ch\/wp-content\/uploads\/2019\/02\/IMG_6746.jpg\"><img loading=\"lazy\" decoding=\"async\" class=\"alignnone wp-image-1491 size-medium\" src=\"https:\/\/maennerchor-oberneunforn.ch\/wp-content\/uploads\/2019\/02\/IMG_6746-300x200.jpg\" alt=\"\" width=\"300\" height=\"200\" srcset=\"https:\/\/maennerchor-oberneunforn.ch\/wp-content\/uploads\/2019\/02\/IMG_6746-300x200.jpg 300w, https:\/\/maennerchor-oberneunforn.ch\/wp-content\/uploads\/2019\/02\/IMG_6746-768x512.jpg 768w, https:\/\/maennerchor-oberneunforn.ch\/wp-content\/uploads\/2019\/02\/IMG_6746-1024x683.jpg 1024w, https:\/\/maennerchor-oberneunforn.ch\/wp-content\/uploads\/2019\/02\/IMG_6746-272x182.jpg 272w, https:\/\/maennerchor-oberneunforn.ch\/wp-content\/uploads\/2019\/02\/IMG_6746-400x267.jpg 400w\" sizes=\"auto, (max-width: 300px) 100vw, 300px\" \/><\/a>\u00a0<a href=\"https:\/\/maennerchor-oberneunforn.ch\/wp-content\/uploads\/2019\/02\/IMG_6742.jpg\"><img loading=\"lazy\" decoding=\"async\" class=\"alignnone wp-image-1490 size-medium\" src=\"https:\/\/maennerchor-oberneunforn.ch\/wp-content\/uploads\/2019\/02\/IMG_6742-300x200.jpg\" alt=\"\" width=\"300\" height=\"200\" srcset=\"https:\/\/maennerchor-oberneunforn.ch\/wp-content\/uploads\/2019\/02\/IMG_6742-300x200.jpg 300w, https:\/\/maennerchor-oberneunforn.ch\/wp-content\/uploads\/2019\/02\/IMG_6742-768x512.jpg 768w, https:\/\/maennerchor-oberneunforn.ch\/wp-content\/uploads\/2019\/02\/IMG_6742-1024x683.jpg 1024w, https:\/\/maennerchor-oberneunforn.ch\/wp-content\/uploads\/2019\/02\/IMG_6742-272x182.jpg 272w, https:\/\/maennerchor-oberneunforn.ch\/wp-content\/uploads\/2019\/02\/IMG_6742-400x267.jpg 400w\" sizes=\"auto, (max-width: 300px) 100vw, 300px\" \/><\/a>\u00a0<a href=\"https:\/\/maennerchor-oberneunforn.ch\/wp-content\/uploads\/2019\/02\/IMG_6740.jpg\"><img loading=\"lazy\" decoding=\"async\" class=\"alignnone size-medium wp-image-1489\" src=\"https:\/\/maennerchor-oberneunforn.ch\/wp-content\/uploads\/2019\/02\/IMG_6740-300x200.jpg\" alt=\"\" width=\"300\" height=\"200\" srcset=\"https:\/\/maennerchor-oberneunforn.ch\/wp-content\/uploads\/2019\/02\/IMG_6740-300x200.jpg 300w, https:\/\/maennerchor-oberneunforn.ch\/wp-content\/uploads\/2019\/02\/IMG_6740-768x512.jpg 768w, https:\/\/maennerchor-oberneunforn.ch\/wp-content\/uploads\/2019\/02\/IMG_6740-1024x683.jpg 1024w, https:\/\/maennerchor-oberneunforn.ch\/wp-content\/uploads\/2019\/02\/IMG_6740-272x182.jpg 272w, https:\/\/maennerchor-oberneunforn.ch\/wp-content\/uploads\/2019\/02\/IMG_6740-400x267.jpg 400w\" sizes=\"auto, (max-width: 300px) 100vw, 300px\" \/><\/a><\/p>\n<p>\u00abDer M\u00e4nnerchor Oberneunforn bot in der dekorierten Turnhalle des Primarschulhauses Riet-acker am Samstagabend sowie am Sonntagmittag beste Unterhaltung.<br \/>\nUnterst\u00fctzt von musikalischer Begleitung und dem Auftritt von Theaterspielern.<br \/>\nTherese Schurter Die Dirigentin Evelyne Leutwyler hatte mit ihren 21 S\u00e4ngern elf -beschwingt-fr\u00f6hliche Lieder einge\u00fcbt, und dank der musikalischen Begleitung der drei Musiker Michael Indermaur am Klavier, Nino K\u00fcchlin am Bass und Rico Strasser an der Caj\u00f3n erf\u00fcllten die Kl\u00e4nge den Raum und begeisterten das Publikum.<br \/>\n\u00abWir m\u00f6chten den Zuh\u00f6rern einige unterhaltsame Stunden bereiten\u00bb, sagte die Dirigentin gleich zu Beginn. Und:<br \/>\n\u00abAuch die S\u00e4nger sollen Freude haben, und dies soll aufs Publikum \u00fcberschwappen.\u00bb Dieses Vorhaben wurde bestens erf\u00fcllt.<br \/>\nBeim aufgef\u00fchrten Schwank blieb kein Auge trocken.<br \/>\nMarkus Hofer als Altersheimbewohner R\u00f6bi Moser ging in seiner Rolle f\u00f6rmlich auf, die Lachmuskeln der Zuschauer wurden arg strapaziert.<br \/>\nZusammen mit seinem Zimmernachbarn Johannes Junker, gespielt von Ueli Brack, der Geburtstag feierte und von New York tr\u00e4umte, \u00fcberzeugten die beiden vor allem mit ihrer Mimik.<br \/>\nUnd ob die Heimleiterin Frau Geissberger ahnte, dass sie mit wenig schmeichelhaften \u00dcbernamen wie Frau Geissbock oder Frau Gewittergeiss betitelt wurde? Wohl kaum &#8230;<br \/>\nKulinarisch kamen die Besucher nicht zu kurz.<br \/>\nDas Abend- beziehungsweise Mittagessen schmeckte, und das Kuchenbuffet fand grossen Anklang.<br \/>\nDie Tombola wartete auf ihre Gewinner, und die zum Schluss durchgef\u00fchrte Nietenverlosung lockte mit attraktiven Preisen:<br \/>\nAls Hauptpreis gab es einen Rundflug ab Flugplatz Lommis zu gewinnen.<br \/>\nDer Zweitplatzierte erhielt einen Gutschein des Restaurants Traube in Dietingen, und der Drittplatzierte durfte sich \u00fcber einen reichhaltigen Fr\u00fcchtekorb freuen.<br \/>\n\u00abVoller Elan trotz wenig Schlaf.\u00bb Am Samstagabend waren die Musiker der Formation Tiroler Alpenfunk zu Gast und \u00fcberzeugten die Besucher von der ersten Minute an.<br \/>\nDas Tanzbein wurde fleissig geschwungen.<br \/>\nGute Stimmung herrschte am sp\u00e4teren Abend auch an der Bar.<br \/>\nDie letzten Besucher verabschiedeten sich nach f\u00fcnf Uhr in der Fr\u00fch und mit ihnen auch Dirigentin Evelyne Leutwyler, die eben auch Initiantin und Hauptverantwortliche der Bar war.<br \/>\nNach nur vier Stunden Schlaf stand sie am Sonntagmittag voller Elan wieder im Einsatz.<br \/>\nDa soll noch einer behaupten, die M\u00e4nnerchor-Unterhaltung sei nur etwas f\u00fcr die Alten!<\/p>\n<h3>Weihnachtskonzert in Neuhausen \/ Schaffhausen<\/h3>\n<p><em><a href=\"https:\/\/maennerchor-oberneunforn.ch\/wp-content\/uploads\/2018\/09\/Adventskonzert-2018.jpg\"><img loading=\"lazy\" decoding=\"async\" class=\"alignnone size-medium wp-image-1431\" src=\"https:\/\/maennerchor-oberneunforn.ch\/wp-content\/uploads\/2018\/09\/Adventskonzert-2018-218x300.jpg\" alt=\"\" width=\"218\" height=\"300\" srcset=\"https:\/\/maennerchor-oberneunforn.ch\/wp-content\/uploads\/2018\/09\/Adventskonzert-2018-218x300.jpg 218w, https:\/\/maennerchor-oberneunforn.ch\/wp-content\/uploads\/2018\/09\/Adventskonzert-2018-768x1057.jpg 768w, https:\/\/maennerchor-oberneunforn.ch\/wp-content\/uploads\/2018\/09\/Adventskonzert-2018-744x1024.jpg 744w, https:\/\/maennerchor-oberneunforn.ch\/wp-content\/uploads\/2018\/09\/Adventskonzert-2018-400x551.jpg 400w, https:\/\/maennerchor-oberneunforn.ch\/wp-content\/uploads\/2018\/09\/Adventskonzert-2018.jpg 770w\" sizes=\"auto, (max-width: 218px) 100vw, 218px\" \/><\/a><\/em><\/p>\n<p><em>*****************************<\/em><\/p>\n<p><em>Wir singen fr\u00f6hliche\u00a0 Lieder.<\/em><\/p>\n<p><em>Dirigentin:\u00a0 Evelyne\u00a0 Leutwyler<\/em><br \/>\n<em> Anschliessend an das Konzert laden wir alle zum Ap\u00e9ro ein.<\/em><br \/>\n<em> M\u00e4nnerchor Oberneunforn<\/em><\/p>\n<p><em>Wir\u00a0 freuen uns sehr auf Ihren Besuch<\/em><\/p>\n<h2><em><a href=\"https:\/\/maennerchor-oberneunforn.ch\/wp-content\/uploads\/2018\/02\/Begr\u00fcssung.jpg\"><img loading=\"lazy\" decoding=\"async\" class=\"alignnone size-medium wp-image-1329\" src=\"https:\/\/maennerchor-oberneunforn.ch\/wp-content\/uploads\/2018\/02\/Begr\u00fcssung-300x200.jpg\" alt=\"\" width=\"300\" height=\"200\" srcset=\"https:\/\/maennerchor-oberneunforn.ch\/wp-content\/uploads\/2018\/02\/Begr\u00fcssung-300x200.jpg 300w, https:\/\/maennerchor-oberneunforn.ch\/wp-content\/uploads\/2018\/02\/Begr\u00fcssung-768x512.jpg 768w, https:\/\/maennerchor-oberneunforn.ch\/wp-content\/uploads\/2018\/02\/Begr\u00fcssung-1024x683.jpg 1024w, https:\/\/maennerchor-oberneunforn.ch\/wp-content\/uploads\/2018\/02\/Begr\u00fcssung-272x182.jpg 272w, https:\/\/maennerchor-oberneunforn.ch\/wp-content\/uploads\/2018\/02\/Begr\u00fcssung-400x267.jpg 400w\" sizes=\"auto, (max-width: 300px) 100vw, 300px\" \/><\/a><\/em><\/h2>\n<h2><em>M\u00e4nnerchor Oberneunforn Unterhaltung 2018<\/em><\/h2>\n<h3><em>in der Turnhalle Rietacker vom Samstagabend, 3.Feb.2018,\u00a0Sonntagmittag, 4.Feb.2018<\/em><\/h3>\n<ul>\n<li><em>Liedermotto: \u201eSchiff Ahoi\u201c<\/em><\/li>\n<li><em>Theater: \u201eFr\u00fcsch verl\u00fcgt\u201c<\/em><\/li>\n<li><em>Wettbewerb<\/em><\/li>\n<li><em>Tanz mit Andi<\/em><\/li>\n<\/ul>\n<h3><em>\u00a0<a href=\"https:\/\/maennerchor-oberneunforn.ch\/wp-content\/uploads\/2018\/02\/Dank-an-Evelyne.jpg\"><img loading=\"lazy\" decoding=\"async\" class=\"alignnone size-medium wp-image-1330\" src=\"https:\/\/maennerchor-oberneunforn.ch\/wp-content\/uploads\/2018\/02\/Dank-an-Evelyne-300x200.jpg\" alt=\"\" width=\"300\" height=\"200\" srcset=\"https:\/\/maennerchor-oberneunforn.ch\/wp-content\/uploads\/2018\/02\/Dank-an-Evelyne-300x200.jpg 300w, https:\/\/maennerchor-oberneunforn.ch\/wp-content\/uploads\/2018\/02\/Dank-an-Evelyne-768x512.jpg 768w, https:\/\/maennerchor-oberneunforn.ch\/wp-content\/uploads\/2018\/02\/Dank-an-Evelyne-1024x683.jpg 1024w, https:\/\/maennerchor-oberneunforn.ch\/wp-content\/uploads\/2018\/02\/Dank-an-Evelyne-272x182.jpg 272w, https:\/\/maennerchor-oberneunforn.ch\/wp-content\/uploads\/2018\/02\/Dank-an-Evelyne-400x267.jpg 400w\" sizes=\"auto, (max-width: 300px) 100vw, 300px\" \/><\/a><\/em><\/h3>\n<p><em><strong>aus der TZ v. 5.02.18 von Theres Schurter<\/strong><\/em><\/p>\n<p><em>Oberneunforn Der M\u00e4nnerchor bot in der dekorierten Turnhalle des Primarschulhauses Rietacker am Wochenende beste Unterhaltung.<\/em><\/p>\n<p><em>Unter der Leitung von Dirigentin Evelyne Leutwyler hatten die 22 S\u00e4nger Seemannslieder zum Motto \u00abSchiff ahoi\u00a0 Leinen los\u00bb einge\u00fcbt.<\/em><\/p>\n<p><em>Bereits eine dreiviertel Stunde vor Beginn der Unterhaltung brodelte es in der voll besetzten Halle.<\/em><\/p>\n<p><em>Die Besucher genossen das gem\u00fctliche Zusammensein mit Freunden und Bekannten beim Znacht.<\/em><\/p>\n<p><em>Die Tische waren liebevoll mit kleinen Details, passend zur Schifffahrt, dekoriert.<\/em><\/p>\n<p><em>P\u00fcnktlich um 20 Uhr begr\u00fcsste der erste Offizier Ulrich Brack die G\u00e4ste auf dem Kreuzschiff \u00abSantorini\u00bb zur 21-t\u00e4gigen Reise \u00fcbers Meer.<\/em><\/p>\n<p><em>\u00abWir sind immer f\u00fcr Sie da, auch bei Seekrankheit\u00bb, scherzte er.<\/em><\/p>\n<p><em>Die Besucher wurden \u00fcber den Tagesablauf und Besonderheiten an Bord informiert.<\/em><\/p>\n<p><em>F\u00fcr Unterhaltung mit einem abwechslungsreichen Programm sei gesorgt, h\u00e4tten sie doch eine internationale Formation eingeladen mit dem Schwerpunkt Gesang.<\/em><\/p>\n<p><em>Ebenfalls werde die Sicherheit gross geschrieben.<\/em><\/p>\n<p><em>Das erkl\u00e4rte die ringsherum aufgeh\u00e4ngten Taue und Rettungsringe.<\/em><\/p>\n<p><em>Bei der Demonstration der Ben\u00fctzung der Schwimmweste zweifelte jedoch mancher an eine Rettung im Notfall und hoffte insgeheim, dass dieser nicht eintreffe.<\/em><\/p>\n<p><em>Doch auch Gefahren wie verborgene Eisberge, gef\u00e4hrliche Klippen oder fiese Piraten k\u00f6nnten auf hoher See lauern.<\/em><\/p>\n<p><em>Und wenn man vom Teufel spricht, kommt er: Zwei Piraten rollten eine Schatztruhe in den Saal.<\/em><\/p>\n<p><em>Neugierig \u00f6ffneten sie diese und eine Piratenbraut, in Person der Dirigentin Evelyne Leutwyler, sprang heraus.<\/em><\/p>\n<p><em>Bevor sie auf die B\u00fchne ging, schnappte sie sich eine Rumflasche der Piraten und leerte sie in einem Zug.<\/em><\/p>\n<p><em>Wollte sie sich Mut antrinken, um die Matrosen, die sie bereits auf der B\u00fchne, \u00e4h an Bord, erwarteten, b\u00e4ndigen zu k\u00f6nnen?<\/em><\/p>\n<p><em>\u00abAnspruchsvolle Soli begeistern die Zuh\u00f6rer.\u00bb Die Bedenken wurden jedoch schnell von der Seeluft weggeblasen.<\/em><\/p>\n<p><em>In Seemannskluft sangen die M\u00e4nner inbr\u00fcnstig ihre einge\u00fcbten Lieder.<\/em><\/p>\n<p><em>\u00abHeute an Bord, morgen schon fort\u00bb oder \u00abSeemann, deine Heimat ist das Meer\u00bb.<\/em><\/p>\n<p><em>Anspruchsvolle Soli begeisterten die Zuh\u00f6rer.<\/em><\/p>\n<p><em>Am Akkordeon begleitete Hermann Schorno, bekannt aus der Formation \u00abHuserbuebe\u00bb, die S\u00e4nger.<\/em><\/p>\n<p><em>Die beiden tollpatschigen Piraten Bertrand et Rougi unterhielten das Publikum zwischen den Liedern und man bedauerte den Untergang ihres Bootes am Schluss. \u00abLand in Sicht, es sieht aus wie Oberneunforn!<\/em><\/p>\n<p><em>Da gibt es sicher sch\u00f6ne M\u00e4dchen!\u00bb, hallte pl\u00f6tzlich der Ruf des Ausguckpostens.<\/em><\/p>\n<p><em>Bevor die Matrosen jedoch an Land durften, bedankte sich der 1. Offizier bei den unz\u00e4hligen Helfern, ohne die der M\u00e4nnerchor einen solchen Anlass nicht h\u00e4tte durchf\u00fchren k\u00f6nnen.<\/em><\/p>\n<p><em>Dann liess er seine Mannen in Zweierkolonne abtreten.<\/em><\/p>\n<p><em>In der folgenden Pause wurde auf der B\u00fchne umgebaut, es entstand ein Wohnzimmer in einer Villa.<\/em><\/p>\n<p><em>Dieses stellte die Kulisse f\u00fcr das anschliessende Theater.<\/em><\/p>\n<p><em>Bei diesem Schwank wurden die Lachmuskeln arg strapaziert.<\/em><\/p>\n<p><em>Nach einem erneuten B\u00fchnenumbau wurde fr\u00f6hlich weitergefeiert und getanzt.<\/em><\/p>\n<p><em>Therese Schurter <a href=\"mailto:frauenfeld@thurgauerzeitung.ch\">frauenfeld@thurgauerzeitung.ch<\/a><\/em><\/p>\n<p><em><a href=\"https:\/\/maennerchor-oberneunforn.ch\/wp-content\/uploads\/2018\/02\/Theatergruppe-.jpg\"><img loading=\"lazy\" decoding=\"async\" class=\"alignnone size-medium wp-image-1333\" src=\"https:\/\/maennerchor-oberneunforn.ch\/wp-content\/uploads\/2018\/02\/Theatergruppe--300x200.jpg\" alt=\"\" width=\"300\" height=\"200\" srcset=\"https:\/\/maennerchor-oberneunforn.ch\/wp-content\/uploads\/2018\/02\/Theatergruppe--300x200.jpg 300w, https:\/\/maennerchor-oberneunforn.ch\/wp-content\/uploads\/2018\/02\/Theatergruppe--768x512.jpg 768w, https:\/\/maennerchor-oberneunforn.ch\/wp-content\/uploads\/2018\/02\/Theatergruppe--1024x683.jpg 1024w, https:\/\/maennerchor-oberneunforn.ch\/wp-content\/uploads\/2018\/02\/Theatergruppe--272x182.jpg 272w, https:\/\/maennerchor-oberneunforn.ch\/wp-content\/uploads\/2018\/02\/Theatergruppe--400x267.jpg 400w\" sizes=\"auto, (max-width: 300px) 100vw, 300px\" \/><\/a> <a href=\"https:\/\/maennerchor-oberneunforn.ch\/wp-content\/uploads\/2018\/02\/spannende-Szene.jpg\"><img loading=\"lazy\" decoding=\"async\" class=\"alignnone size-medium wp-image-1332\" src=\"https:\/\/maennerchor-oberneunforn.ch\/wp-content\/uploads\/2018\/02\/spannende-Szene-300x200.jpg\" alt=\"\" width=\"300\" height=\"200\" srcset=\"https:\/\/maennerchor-oberneunforn.ch\/wp-content\/uploads\/2018\/02\/spannende-Szene-300x200.jpg 300w, https:\/\/maennerchor-oberneunforn.ch\/wp-content\/uploads\/2018\/02\/spannende-Szene-768x512.jpg 768w, https:\/\/maennerchor-oberneunforn.ch\/wp-content\/uploads\/2018\/02\/spannende-Szene-1024x683.jpg 1024w, https:\/\/maennerchor-oberneunforn.ch\/wp-content\/uploads\/2018\/02\/spannende-Szene-272x182.jpg 272w, https:\/\/maennerchor-oberneunforn.ch\/wp-content\/uploads\/2018\/02\/spannende-Szene-400x267.jpg 400w\" sizes=\"auto, (max-width: 300px) 100vw, 300px\" \/><\/a> <a href=\"https:\/\/maennerchor-oberneunforn.ch\/wp-content\/uploads\/2018\/02\/Seer\u00e4uber-Rougi-und-Betram.jpg\"><img loading=\"lazy\" decoding=\"async\" class=\"alignnone size-medium wp-image-1331\" src=\"https:\/\/maennerchor-oberneunforn.ch\/wp-content\/uploads\/2018\/02\/Seer\u00e4uber-Rougi-und-Betram-300x200.jpg\" alt=\"\" width=\"300\" height=\"200\" srcset=\"https:\/\/maennerchor-oberneunforn.ch\/wp-content\/uploads\/2018\/02\/Seer\u00e4uber-Rougi-und-Betram-300x200.jpg 300w, https:\/\/maennerchor-oberneunforn.ch\/wp-content\/uploads\/2018\/02\/Seer\u00e4uber-Rougi-und-Betram-768x512.jpg 768w, https:\/\/maennerchor-oberneunforn.ch\/wp-content\/uploads\/2018\/02\/Seer\u00e4uber-Rougi-und-Betram-1024x683.jpg 1024w, https:\/\/maennerchor-oberneunforn.ch\/wp-content\/uploads\/2018\/02\/Seer\u00e4uber-Rougi-und-Betram-272x182.jpg 272w, https:\/\/maennerchor-oberneunforn.ch\/wp-content\/uploads\/2018\/02\/Seer\u00e4uber-Rougi-und-Betram-400x267.jpg 400w\" sizes=\"auto, (max-width: 300px) 100vw, 300px\" \/><\/a><\/em><\/p>\n<p><em>Am 3. und 4. Februar 2018 f\u00fchrte der M\u00e4nnerchor Oberneunforn das 1. Mal die Unterhaltung an einem Wochenende durch.Dank vielen freiwilligen Helferinnen und Helfern ist diese Unterhaltung mit Liedern und anschliessendem Theater auch sehr gut angekommen. An dieser Stelle m\u00f6chte ich denen danken, die auch sehr viel dazu beigetragen haben, zum Beispiel unser Schulhausabwartepaar Esther und Martin Gredig, f\u00fcr die Festwirtschaft neben H\u00e4bi, Beatrice Schenkel-Eglofff, f\u00fcr die Reservation Madlen Brack,f\u00fcr die Beschaffung der Dekoration von den Schaffhauser Schiffsbetriebe durch Charly Leuenberger sowie seiner gesponserten Velos f\u00fcr den Wettbewerb, f\u00fcr das gutgespielte Theaterteam&#8230;. und die ganze Organisation und Vorarbeiten mit Evelyne Leutwyler und Bruno R\u00f6thlisberger, Ohne die vielen Helfern w\u00e4re das nicht so gut gegangen.Vielen Dank.<\/em><br \/>\n<em> bb<\/em><\/p>\n<h2><em>\u00a0<\/em><\/h2>\n<h2>Konzerte 2018<\/h2>\n<h3>Montag, 25. Juni 2018; Altersheim Stammertal, Oberstammheim<\/h3>\n<p>Ein St\u00e4ndchen mit der Dirigentin Evelin Leutwyler am Klavier, an einem herrlichen, sonnigen Abend, kam bei allen gut an. Als Zugabe sangen wir dann noch ganz spontan das Lied der Freundschaft: &#8222;Gr\u00fcsst uns der Morgen so traut und sch\u00f6n&#8220;<\/p>\n<p>mit der Verst\u00e4rkung von Ferdi Peter, Oberneunforn, der routiniert den Text und Melodie mitgesungen hatte. Kein Wunder, war er doch 66 Jahre S\u00e4nger im Chor,<\/p>\n<p>das tolle daran war aber die Selbstverst\u00e4ndlichkeit, die der fitte Senior an den Tag legte.<\/p>\n<p>Mit einem anschliessenden Ap\u00e9ro mit H\u00e4ppchen f\u00fcr alle, spendete uns das Altersheim noch einen Dank.<\/p>\n<p>F\u00fcr noch bessere Stimmung und Austausch alter Erinnerungen war gesorgt. Der Abend klang gem\u00fctlich aus. (ein Foto folgt noch)<\/p>\n<hr \/>\n<h1><em><strong>Vergangene Auftritte 2017:<\/strong><\/em><\/h1>\n<h2><em><strong>Adventskonzert 3. Dez. 2017\u00a0in der barocken Kirche Hilzingen.\u00a0<\/strong><\/em><\/h2>\n<p><em><a href=\"https:\/\/maennerchor-oberneunforn.ch\/wp-content\/uploads\/2017\/12\/Kirche-Hilzingen.jpg\"><img loading=\"lazy\" decoding=\"async\" class=\"alignleft wp-image-1306 size-medium\" src=\"https:\/\/maennerchor-oberneunforn.ch\/wp-content\/uploads\/2017\/12\/Kirche-Hilzingen-300x225.jpg\" alt=\"Ein Bild von der Kirche Hilzingen.\" width=\"300\" height=\"225\" srcset=\"https:\/\/maennerchor-oberneunforn.ch\/wp-content\/uploads\/2017\/12\/Kirche-Hilzingen-300x225.jpg 300w, https:\/\/maennerchor-oberneunforn.ch\/wp-content\/uploads\/2017\/12\/Kirche-Hilzingen-400x300.jpg 400w, https:\/\/maennerchor-oberneunforn.ch\/wp-content\/uploads\/2017\/12\/Kirche-Hilzingen.jpg 610w\" sizes=\"auto, (max-width: 300px) 100vw, 300px\" \/><\/a><\/em><\/p>\n<p><em>Mit unsern befreundeten Ch\u00f6ren &#8222;Comedian Tales&#8220; und dem &#8222;Belcantochor Hilzingen&#8220;, unter der<\/em><br \/>\n<em> Leitung von Evelyne Leutwyler und begleitet am Klavier mit Sigi Silke f\u00fchrten wir das Konzert durch<\/em><br \/>\n<em> (siehe auch Weihnachtskonzert v. 18. Dez. 2016 in der Kirche Oberneunforn.)<\/em><br \/>\n<em> Die Hilzinger Bev\u00f6lkerung zeigte sich begeistert in der vollbesetzten Kirche (ca. 400 Besucher) von<\/em><br \/>\n<em> diesem tollen Konzert. Anschliessend verpflegte uns der Hilzinger Chor mit B\u00fcndner Gerstensuppe<\/em><br \/>\n<em> und einem reichhaltigen K\u00e4sebuffet im Kirchenkeller. Vielen herzlichen Dank f\u00fcr diese<\/em><br \/>\n<em> grenz\u00fcberschreitende Freundschaft. bb<\/em><\/p>\n<p><em>Mit:<\/em><\/p>\n<h4><em>Belcanto-Chor Hilzingen<\/em><br \/>\n<em> <img loading=\"lazy\" decoding=\"async\" class=\"alignnone wp-image-1228 size-medium\" src=\"https:\/\/maennerchor-oberneunforn.ch\/wp-content\/uploads\/2017\/10\/Belcantochor-300x200.jpg\" alt=\"Bild mit Belcanto-Chor Hilzingen\" width=\"300\" height=\"200\" srcset=\"https:\/\/maennerchor-oberneunforn.ch\/wp-content\/uploads\/2017\/10\/Belcantochor-300x200.jpg 300w, https:\/\/maennerchor-oberneunforn.ch\/wp-content\/uploads\/2017\/10\/Belcantochor-768x512.jpg 768w, https:\/\/maennerchor-oberneunforn.ch\/wp-content\/uploads\/2017\/10\/Belcantochor-1024x683.jpg 1024w, https:\/\/maennerchor-oberneunforn.ch\/wp-content\/uploads\/2017\/10\/Belcantochor-272x182.jpg 272w, https:\/\/maennerchor-oberneunforn.ch\/wp-content\/uploads\/2017\/10\/Belcantochor-400x267.jpg 400w\" sizes=\"auto, (max-width: 300px) 100vw, 300px\" \/><\/em><\/h4>\n<p><em><img loading=\"lazy\" decoding=\"async\" class=\"alignnone wp-image-1257 size-medium\" src=\"https:\/\/maennerchor-oberneunforn.ch\/wp-content\/uploads\/2014\/09\/comediantales-300x184.jpg\" alt=\"Bild von den Comedian Tales\" width=\"300\" height=\"184\" srcset=\"https:\/\/maennerchor-oberneunforn.ch\/wp-content\/uploads\/2014\/09\/comediantales-300x184.jpg 300w, https:\/\/maennerchor-oberneunforn.ch\/wp-content\/uploads\/2014\/09\/comediantales-768x472.jpg 768w, https:\/\/maennerchor-oberneunforn.ch\/wp-content\/uploads\/2014\/09\/comediantales-400x246.jpg 400w, https:\/\/maennerchor-oberneunforn.ch\/wp-content\/uploads\/2014\/09\/comediantales.jpg 770w\" sizes=\"auto, (max-width: 300px) 100vw, 300px\" \/><\/em><\/p>\n<h4><em>M\u00e4nnerchor Oberneunforn<\/em><br \/>\n<em> <a href=\"https:\/\/maennerchor-oberneunforn.ch\/wp-content\/uploads\/2014\/09\/gais.jpg\"><img loading=\"lazy\" decoding=\"async\" class=\"alignnone wp-image-1274 size-medium\" src=\"https:\/\/maennerchor-oberneunforn.ch\/wp-content\/uploads\/2014\/09\/gais-300x225.jpg\" alt=\"Bild vom M\u00e4nnerchor Oberneunforn\" width=\"300\" height=\"225\" srcset=\"https:\/\/maennerchor-oberneunforn.ch\/wp-content\/uploads\/2014\/09\/gais-300x225.jpg 300w, https:\/\/maennerchor-oberneunforn.ch\/wp-content\/uploads\/2014\/09\/gais-768x576.jpg 768w, https:\/\/maennerchor-oberneunforn.ch\/wp-content\/uploads\/2014\/09\/gais-1024x768.jpg 1024w, https:\/\/maennerchor-oberneunforn.ch\/wp-content\/uploads\/2014\/09\/gais-400x300.jpg 400w\" sizes=\"auto, (max-width: 300px) 100vw, 300px\" \/><\/a><\/em><\/h4>\n<h4><em>Dirigiert von Evelyne Leutwyler.<\/em><\/h4>\n<h4><em>Pianist Siggi Zielke.<\/em><\/h4>\n<hr \/>\n<h2><em>Verbandss\u00e4ngerfest in Oberneunforn 2. und 3. Sept. 2017<\/em><\/h2>\n<h3><em>Bericht aus Presse<\/em><\/h3>\n<p><em>(Bild\/Text: Theres Schurter)<\/em><\/p>\n<p><em>Oberneunforn Ein Wochenende lang stand das ganze Dorf im Zeichen der Musik.<\/em><br \/>\n<em> Der M\u00e4nnerchor nahm sein 135-Jahr- Jubil\u00e4um zum Anlass, f\u00fcr die Organisation des S\u00e4ngertages<\/em><br \/>\n<em> \u00abHarmonie\u00bb verantwortlich zu zeichnen.<\/em><br \/>\n<em> Therese Schurter unterseerhein@thurgauerzeitung.ch Es begann mit dem Freitagabend im<\/em><br \/>\n<em> gem\u00fctlichen Biergrotto in einer Scheune mitten im Dorf, wo Weissw\u00fcrste und Brezel serviert<\/em><br \/>\n<em> wurden.<div id=\"metaslider-id-1227\" style=\"max-width: 600px;\" class=\"ml-slider-3-108-0 metaslider metaslider-flex metaslider-1227 ml-slider ms-theme-default nav-hidden\" role=\"region\" aria-label=\"S\u00e4ngerfest2017\" data-height=\"400\" data-width=\"600\">\n    <div id=\"metaslider_container_1227\">\n        <div id=\"metaslider_1227\">\n            <ul class='slides'>\n                <li style=\"display: block; width: 100%;\" class=\"slide-1233 ms-image \" aria-roledescription=\"slide\" data-date=\"2017-10-06 16:42:24\" data-filename=\"IMG_6670-600x400.jpg\" data-slide-type=\"image\"><img loading=\"lazy\" decoding=\"async\" src=\"https:\/\/maennerchor-oberneunforn.ch\/wp-content\/uploads\/2017\/10\/IMG_6670-600x400.jpg\" height=\"400\" width=\"600\" alt=\"M\u00e4nnerchor Oberneunforn\" class=\"slider-1227 slide-1233 msDefaultImage\" title=\"M\u00e4nnerchor Oberneunforn\" \/><div class=\"caption-wrap\"><div class=\"caption\">M\u00e4nnerchor Oberneunforn<\/div><\/div><\/li>\n                <li style=\"display: none; width: 100%;\" class=\"slide-1228 ms-image \" aria-roledescription=\"slide\" data-date=\"2017-10-06 16:41:02\" data-filename=\"Belcantochor-600x400.jpg\" data-slide-type=\"image\"><img loading=\"lazy\" decoding=\"async\" src=\"https:\/\/maennerchor-oberneunforn.ch\/wp-content\/uploads\/2017\/10\/Belcantochor-600x400.jpg\" height=\"400\" width=\"600\" alt=\"Belcantochor\" class=\"slider-1227 slide-1228 msDefaultImage\" title=\"Belcantochor\" \/><div class=\"caption-wrap\"><div class=\"caption\">Belcantochor<\/div><\/div><\/li>\n                <li style=\"display: none; width: 100%;\" class=\"slide-1232 ms-image \" aria-roledescription=\"slide\" data-date=\"2017-10-06 16:42:06\" data-filename=\"Gesamtchor-am-Sonntagnachmittag-600x400.jpg\" data-slide-type=\"image\"><img loading=\"lazy\" decoding=\"async\" src=\"https:\/\/maennerchor-oberneunforn.ch\/wp-content\/uploads\/2017\/10\/Gesamtchor-am-Sonntagnachmittag-600x400.jpg\" height=\"400\" width=\"600\" alt=\"Gesamtchor am Sonntagnachmittag\" class=\"slider-1227 slide-1232 msDefaultImage\" title=\"Gesamtchor am Sonntagnachmittag\" \/><div class=\"caption-wrap\"><div class=\"caption\">Gesamtchor am Sonntagnachmittag<\/div><\/div><\/li>\n                <li style=\"display: none; width: 100%;\" class=\"slide-1229 ms-image \" aria-roledescription=\"slide\" data-date=\"2017-10-06 16:41:16\" data-filename=\"Comedian-Tales-600x400.jpg\" data-slide-type=\"image\"><img loading=\"lazy\" decoding=\"async\" src=\"https:\/\/maennerchor-oberneunforn.ch\/wp-content\/uploads\/2017\/10\/Comedian-Tales-600x400.jpg\" height=\"400\" width=\"600\" alt=\"Comedian Tales\" class=\"slider-1227 slide-1229 msDefaultImage\" title=\"Comedian Tales\" \/><div class=\"caption-wrap\"><div class=\"caption\">Comedian Tales<\/div><\/div><\/li>\n                <li style=\"display: none; width: 100%;\" class=\"slide-1244 ms-image \" aria-roledescription=\"slide\" data-date=\"2017-10-06 23:53:05\" data-filename=\"Namen-siehe-im-Text-zuunterst-Kopie-600x400.jpg\" data-slide-type=\"image\"><img loading=\"lazy\" decoding=\"async\" src=\"https:\/\/maennerchor-oberneunforn.ch\/wp-content\/uploads\/2017\/10\/Namen-siehe-im-Text-zuunterst-Kopie-600x400.jpg\" height=\"400\" width=\"600\" alt=\"Koner G\u00f6tz, Andreas Hofer, Urs Baumgartner, Bruno R\u00f6thlisberger, Ueli Brack, Evelyne Leutwyler, Hermann Brack, Heinrich Brack\" class=\"slider-1227 slide-1244 msDefaultImage\" title=\"Koner G\u00f6tz, Andreas Hofer, Urs Baumgartner, Bruno R\u00f6thlisberger, Ueli Brack, Evelyne Leutwyler, Hermann Brack, Heinrich Brack\" \/><div class=\"caption-wrap\"><div class=\"caption\">Koner G\u00f6tz, Andreas Hofer, Urs Baumgartner, Bruno R\u00f6thlisberger, Ueli Brack, Evelyne Leutwyler, Hermann Brack, Heinrich Brack<\/div><\/div><\/li>\n                <li style=\"display: none; width: 100%;\" class=\"slide-1219 ms-image \" aria-roledescription=\"slide\" data-date=\"2017-10-06 15:16:40\" data-filename=\"Kriminaltango-der-Comedian-Tales-600x400.jpg\" data-slide-type=\"image\"><img loading=\"lazy\" decoding=\"async\" src=\"https:\/\/maennerchor-oberneunforn.ch\/wp-content\/uploads\/2014\/09\/Kriminaltango-der-Comedian-Tales-600x400.jpg\" height=\"400\" width=\"600\" alt=\"Kriminaltango der Comedian Tales\" class=\"slider-1227 slide-1219 msDefaultImage\" title=\"Kriminaltango der Comedian Tales\" \/><div class=\"caption-wrap\"><div class=\"caption\">Kriminaltango der Comedian Tales<\/div><\/div><\/li>\n                <li style=\"display: none; width: 100%;\" class=\"slide-1231 ms-image \" aria-roledescription=\"slide\" data-date=\"2017-10-06 16:41:47\" data-filename=\"Evelyne-Leutwyler-organisierte-das-Festprogramm-u.a.-den-Bauchredner-Roli-Berner-600x400.jpg\" data-slide-type=\"image\"><img loading=\"lazy\" decoding=\"async\" src=\"https:\/\/maennerchor-oberneunforn.ch\/wp-content\/uploads\/2017\/10\/Evelyne-Leutwyler-organisierte-das-Festprogramm-u.a.-den-Bauchredner-Roli-Berner-600x400.jpg\" height=\"400\" width=\"600\" alt=\"Evelyne Leutwyler, organisierte das Festprogramm, u.a. den Bauchredner Roli Berner\" class=\"slider-1227 slide-1231 msDefaultImage\" title=\"Evelyne Leutwyler, organisierte das Festprogramm, u.a. den Bauchredner Roli Berner\" \/><div class=\"caption-wrap\"><div class=\"caption\">Evelyne Leutwyler, organisierte das Festprogramm, u.a. den Bauchredner Roli Berner<\/div><\/div><\/li>\n                <li style=\"display: none; width: 100%;\" class=\"slide-1230 ms-image \" aria-roledescription=\"slide\" data-date=\"2017-10-06 16:41:33\" data-filename=\"Die-N\u00fcfermer-Herzbuebe-begeisterten-nicht-nur-die-beiden-M\u00e4dels-600x400.jpg\" data-slide-type=\"image\"><img loading=\"lazy\" decoding=\"async\" src=\"https:\/\/maennerchor-oberneunforn.ch\/wp-content\/uploads\/2017\/10\/Die-N\u00fcfermer-Herzbuebe-begeisterten-nicht-nur-die-beiden-M\u00e4dels-600x400.jpg\" height=\"400\" width=\"600\" alt=\"Die N\u00fcfermer Herzbuebe begeisterten nicht nur die beiden M\u00e4dels\" class=\"slider-1227 slide-1230 msDefaultImage\" title=\"Die N\u00fcfermer Herzbuebe begeisterten nicht nur die beiden M\u00e4dels\" \/><div class=\"caption-wrap\"><div class=\"caption\">Die N\u00fcfermer Herzbuebe begeisterten nicht nur die beiden M\u00e4dels<\/div><\/div><\/li>\n                <li style=\"display: none; width: 100%;\" class=\"slide-1245 ms-image \" aria-roledescription=\"slide\" data-date=\"2017-10-06 23:53:18\" data-filename=\"OK-Pr\u00e4sident-Ueli-Brack-war-erleichtert-und-gl\u00fccklich-600x400.jpg\" data-slide-type=\"image\"><img loading=\"lazy\" decoding=\"async\" src=\"https:\/\/maennerchor-oberneunforn.ch\/wp-content\/uploads\/2017\/10\/OK-Pr\u00e4sident-Ueli-Brack-war-erleichtert-und-gl\u00fccklich-600x400.jpg\" height=\"400\" width=\"600\" alt=\"OK-Pr\u00e4sident Ueli Brack war erleichtert und gl\u00fccklich\" class=\"slider-1227 slide-1245 msDefaultImage\" title=\"OK-Pr\u00e4sident Ueli Brack war erleichtert und gl\u00fccklich\" \/><div class=\"caption-wrap\"><div class=\"caption\">OK-Pr\u00e4sident Ueli Brack war erleichtert und gl\u00fccklich<\/div><\/div><\/li>\n                <li style=\"display: none; width: 100%;\" class=\"slide-1218 ms-image \" aria-roledescription=\"slide\" data-date=\"2017-10-06 15:16:23\" data-filename=\"IMG_6985-600x400.jpg\" data-slide-type=\"image\"><img loading=\"lazy\" decoding=\"async\" src=\"https:\/\/maennerchor-oberneunforn.ch\/wp-content\/uploads\/2014\/09\/IMG_6985-600x400.jpg\" height=\"400\" width=\"600\" alt=\"Fahneneinzug am Sonntag\" class=\"slider-1227 slide-1218 msDefaultImage\" title=\"Fahneneinzug am Sonntag\" \/><div class=\"caption-wrap\"><div class=\"caption\">Fahneneinzug am Sonntag<\/div><\/div><\/li>\n                <li style=\"display: none; width: 100%;\" class=\"slide-1217 ms-image \" aria-roledescription=\"slide\" data-date=\"2017-10-06 15:16:05\" data-filename=\"IMG_6843-600x400.jpg\" data-slide-type=\"image\"><img loading=\"lazy\" decoding=\"async\" src=\"https:\/\/maennerchor-oberneunforn.ch\/wp-content\/uploads\/2014\/09\/IMG_6843-600x400.jpg\" height=\"400\" width=\"600\" alt=\"Ch\u00f6re Hilzingen\/Neunforn\" class=\"slider-1227 slide-1217 msDefaultImage\" title=\"Ch\u00f6re Hilzingen\/Neunforn\" \/><div class=\"caption-wrap\"><div class=\"caption\">Ch\u00f6re Hilzingen\/Neunforn<\/div><\/div><\/li>\n                <li style=\"display: none; width: 100%;\" class=\"slide-1216 ms-image \" aria-roledescription=\"slide\" data-date=\"2017-10-06 15:15:45\" data-filename=\"IMG_6754-600x400.jpg\" data-slide-type=\"image\"><img loading=\"lazy\" decoding=\"async\" src=\"https:\/\/maennerchor-oberneunforn.ch\/wp-content\/uploads\/2014\/09\/IMG_6754-600x400.jpg\" height=\"400\" width=\"600\" alt=\"Bauchredner\" class=\"slider-1227 slide-1216 msDefaultImage\" title=\"Bauchredner\" \/><div class=\"caption-wrap\"><div class=\"caption\">Bauchredner<\/div><\/div><\/li>\n                <li style=\"display: none; width: 100%;\" class=\"slide-1215 ms-image \" aria-roledescription=\"slide\" data-date=\"2017-10-06 15:15:25\" data-filename=\"IMG_6672-600x400.jpg\" data-slide-type=\"image\"><img loading=\"lazy\" decoding=\"async\" src=\"https:\/\/maennerchor-oberneunforn.ch\/wp-content\/uploads\/2014\/09\/IMG_6672-600x400.jpg\" height=\"400\" width=\"600\" alt=\"M\u00e4nnerchor Oberneunforn\" class=\"slider-1227 slide-1215 msDefaultImage\" title=\"M\u00e4nnerchor Oberneunforn\" \/><div class=\"caption-wrap\"><div class=\"caption\">M\u00e4nnerchor Oberneunforn<\/div><\/div><\/li>\n            <\/ul>\n        <\/div>\n        \n    <\/div>\n<\/div><\/em><br \/>\n<em> Den Durst l\u00f6schte das abgezapfte Bier aus dem Feuerwehrwagen.<\/em><br \/>\n<em> Etwas verfr\u00fchte Oktoberfeststimmung kam auf.<\/em><br \/>\n<em> Wer den Samstagabend verpasst hat, ist zu bedauern.<\/em><br \/>\n<em> Dann n\u00e4mlich wurde beim ersten H\u00fcttengaudi geboten, \u00abwas in keiner Fernsehshow und in keinem<\/em><br \/>\n<em> Theater zu erleben ist\u00bb, wie OK-Pr\u00e4sident Ueli Brack nicht ohne Stolz die Besucher begr\u00fcsste.<\/em><br \/>\n<em> Mit einem abwechslungsreichen Abendprogramm mit \u00dcberraschungsg\u00e4sten wie dem Bauchredner<\/em><br \/>\n<em> Roli Berner oder den Huser Buebe vergass man die Zeit &#8211; in der Festhalle.<\/em><br \/>\n<em> Der 20-k\u00f6pfige M\u00e4nnerchor Oberneunforn \u00fcberzeugte mit seinen vorgetragenen Liedern.<\/em><br \/>\n<em> Unglaublich, was Dirigentin Evelyne Leutwyler aus diesen Stimmen herausgeholt hat.<\/em><br \/>\n<em> Sie selber gl\u00e4nzte mit eigenen Auftritten mit zwei anderen Damen sowie mit ihren atemberaubenden<\/em><br \/>\n<em> Kleiderwechseln.<\/em><br \/>\n<em> Ein choreografischer und stimmlicher Leckerbissen waren auch die Auftritte der Comedian Tales und<\/em><br \/>\n<em> der beiden N\u00fcfermer Herzbuebe, die den Schluss bildeten.<\/em><br \/>\n<em> \u00abAnd\u00e4chtiges Lauschen ohne Konkurrenzgedanken.\u00bb Der Sonntag stand ganz im Zeichen des<\/em><br \/>\n<em> freundschaftlichen Wettgesangs.<\/em><br \/>\n<em> 14 Gesangsvereine wurden von vier Experten beurteilt.<\/em><br \/>\n<em> Die Liedervortr\u00e4ge begannen um 9 Uhr in der reformierten Kirche und dauerten bis kurz nach 15 Uhr.<\/em><br \/>\n<em> Die Mitglieder der anderen Ch\u00f6re lauschten and\u00e4chtig, nicht mit Konkurrenzgedanken, sondern aus<\/em><br \/>\n<em> Interesse und Freude.<\/em><br \/>\n<em> In der eineinhalbst\u00fcndigen Mittagspause wurden die Ch\u00f6re mit Salat, Braten, Kartoffelstock und<\/em><br \/>\n<em> Gem\u00fcse in der Festhalle verw\u00f6hnt.<\/em><br \/>\n<em> Vor der Kirche offerierte die Rebbergkorporation Neunforn alkoholfreie Getr\u00e4nke, gegen ein kleines<\/em><br \/>\n<em> Entgelt konnte die Kehle mit edlem Wein aus den nahen Rebbergen geschmiert werden.<\/em><br \/>\n<em> Selbstverst\u00e4ndlich konnte auch nach dem Vortrag entspannt und erleichtert mit einem Gl\u00e4schen auf<\/em><br \/>\n<em> die gelungene Vorf\u00fchrung angestossen werden.<\/em><br \/>\n<em> Auch vor der Scheune des Biergrottos wurde gem\u00fctlich geplaudert, immer wieder spontan zu einem<\/em><br \/>\n<em> Lied angestimmt und bei einem Bier die warme Herbstsonne genossen.<\/em><\/p>\n<p><em>\u00abEin feierlicher Abschluss mit Urkunden\u00fcbergabe.\u00bb Kurz vor 16 Uhr trafen alle Vereine in der<\/em><br \/>\n<em> Festhalle ein.<\/em><br \/>\n<em> Beim Gesamtchorlied \u00abSing mit mir\u00bb kam G\u00e4nsehautfeeling auf.<\/em><br \/>\n<em> Die Spannung der \u00dcbergabe der Pr\u00e4dikate beim feierlichen Festakt war nun f\u00f6rmlich sp\u00fcrbar.<\/em><br \/>\n<em> Unter grossem Applaus wurden die Urkunden entgegengenommen.<\/em><br \/>\n<em> Ueli Brack, der OK-Pr\u00e4sident, dankte mit heiserer Stimme der Dirigentin Evelyne Leutwyler, seinen<\/em><br \/>\n<em> Kollegen des OKs sowie dem M\u00e4nnerchor Oberneunforn, der Bev\u00f6lkerung, den vielen Sponsoren,<\/em><br \/>\n<em> allen Ch\u00f6ren f\u00fcrs Mitmachen, den Experten sowie den unz\u00e4hligen Helferinnen und Helfern.<\/em><br \/>\n<em> Gegen 17 Uhr fand das erste N\u00fcfermer S\u00e4ngerfest seinen Abschluss.<\/em><br \/>\n<em> Und wie es Gemeindepr\u00e4sident Beni Gentsch in seiner Rede so sch\u00f6n w\u00fcnschte:<\/em><br \/>\n<em> \u00abM\u00f6ge dieses Fest in die Geschichte eingehen und allen in bester Erinnerung bleiben.\u00bb \u00abDie<\/em><br \/>\n<em> wunderbare Eigenschaft eines Chores ist, dass er als Gemeinschaft steht und dass dabei keine<\/em><br \/>\n<em> einzelne Stimme heraussticht.\u00bb Benjamin Gentsch Gemeindepr\u00e4sident.<\/em><br \/>\n<em> (von Therese Schurter, Journalistin)<\/em><br \/>\n<em> (Ende Presse Bericht)<\/em><\/p>\n<p><em><a href=\"https:\/\/maennerchor-oberneunforn.ch\/?page_id=68\">Bilder auch im Fotoalbum<\/a><\/em><\/p>\n<h2><em>\u00a0<strong>N\u00fcfemer S\u00e4ngerfest<\/strong><\/em><\/h2>\n<div id=\"attachment_1248\" style=\"width: 575px\" class=\"wp-caption alignright\"><img loading=\"lazy\" decoding=\"async\" aria-describedby=\"caption-attachment-1248\" class=\"wp-image-1248 size-full\" src=\"https:\/\/maennerchor-oberneunforn.ch\/wp-content\/uploads\/2017\/10\/kirche.jpg\" alt=\"Ein Bild der Kirche von Oberneunforn\" width=\"565\" height=\"374\" srcset=\"https:\/\/maennerchor-oberneunforn.ch\/wp-content\/uploads\/2017\/10\/kirche.jpg 565w, https:\/\/maennerchor-oberneunforn.ch\/wp-content\/uploads\/2017\/10\/kirche-300x199.jpg 300w, https:\/\/maennerchor-oberneunforn.ch\/wp-content\/uploads\/2017\/10\/kirche-400x265.jpg 400w\" sizes=\"auto, (max-width: 565px) 100vw, 565px\" \/><p id=\"caption-attachment-1248\" class=\"wp-caption-text\"><em>Liedervortr\u00e4ge von befreundeten Ch\u00f6ren am Sonntag in der Kirche Oberneunforn<\/em><\/p><\/div>\n<p><em>(Text:\u00a0Therese Schurter)<\/em><br \/>\n<em> Im September feiert der M\u00e4nnerchor seinen 135.Geburtstag mit einem grossen Fest.<\/em><br \/>\n<em> Schon jetzt nehmen die Organisatoren ihre Arbeit auf.<\/em><br \/>\n<em> Der N\u00fcfermer S\u00e4ngertag 2017 wird in die Geschichte eingehen.<\/em><br \/>\n<em> Am ersten September-Wochenende\u00a0 feiert der M\u00e4nnerchor Oberneunforn sein 135-Jahr-Jubil\u00e4um.<\/em><br \/>\n<em> Zu Ehren seines 135. Geburtstags organisiert er den S\u00e4ngertag des S\u00e4ngerverbands Harmonie.<\/em><br \/>\n<em> Diesen hatte er bereits vor zehn Jahren durchgef\u00fchrt, damals f\u00fcrs 125-J\u00e4hrige.<\/em><br \/>\n<em> Ein achtk\u00f6pfiges OK-Team, in vier Ressorts aufgeteilt, ist bereits\u00a0 fleissig am Planen.<\/em><br \/>\n<em> Einiges, wie etwa die Reservationen f\u00fcr Kirch- und Gemeindehaus oder das Verschicken der Einladungen ist bereits geschehen.<\/em><br \/>\n<em> Und auch der grobe Ablauf des ganzen Wochenendes steht fest:<\/em><br \/>\n<em> Am Freitagabend, 1. September, wird in der Biertrotte mit einem Fest das Wochenende eingel\u00e4utet.<\/em><br \/>\n<em> Am Samstagabend wird ab 18 Uhr ein Nachtessen in der Festscheune serviert.<\/em><br \/>\n<em> Ein Stand der Rebkorporation Neunforn sowie ein Barwagen erg\u00e4nzen das Angebot.<\/em><br \/>\n<em> Unter der organisatorischen Leitung von Dirigentin Evelyne Leutwyler wird danach ein Unterhaltungsprogramm unter dem Motto \u00abH\u00fcttengaudi\u00bb geboten.<\/em><br \/>\n<em> Es soll nebst Gesang auch k\u00fcnstlerische Darbietungen beinhalten.<\/em><br \/>\n<em> Der Sonntag wird der eigentliche S\u00e4ngertag, beginnend mit einem Festgottesdienst in der Festscheune durchgef\u00fchrt. In der Kirche Oberneunforn stellen sich die angemeldeten Ch\u00f6re den Experten, welche Bewertungen abgeben.<\/em><br \/>\n<em> Beim Festakt am Nachmittag steht der Gesamtchor in der Festscheune auf der B\u00fchne.<\/em><br \/>\n<em> Auch der Musikverein Stammheim wird mit von der Partie sein.<\/em><br \/>\n<em> Ein solcher Anlass kann nur mit Unterst\u00fctzung der ganzen Bev\u00f6lkerung zum Erfolg\u00a0 f\u00fchren.<\/em><br \/>\n<em> Deshalb freut sich der M\u00e4nnerchor \u00fcber jeden Input, jede angebotene Hilfe.<\/em><br \/>\n<em> In einem Flyer werden in K\u00fcrze alle Bewohner in der Gemeinde angeschrieben.<\/em><\/p>\n<h3><em>\u00a0<\/em><\/h3>\n<hr \/>\n<h3><em>\u00a0<\/em><\/h3>\n<hr \/>\n<h2><em><strong>Songs aus\u00a0 der Juke Box<\/strong><\/em><\/h2>\n<p><em>4. und 11. Februar 2017, \u00a0 in der Turnhalle Rietacker,Oberneunforn<\/em><br \/>\n<em> 4. Februar: 13.30 Uhr Kinder- und Seniorenvorstellung mit Kuchenbuffet<\/em><br \/>\n<em> 4.und 11.Februar:\u00a0 20.00 Uhr Abendunterhaltung des M\u00e4nnerchors:<\/em><\/p>\n<p><em><img loading=\"lazy\" decoding=\"async\" class=\"alignleft wp-image-851 size-full\" title=\"Rand\" src=\"https:\/\/maennerchor-oberneunforn.ch\/wp-content\/uploads\/2014\/09\/JukeBox.png\" alt=\"Ein Bild einer Jukebox\" width=\"174\" height=\"262\" \/><\/em><br \/>\n<em> Songs aus\u00a0 der Juke Box:<\/em><\/p>\n<p><em>Leitung:\u00a0 Evelyne Leutwyler<\/em><br \/>\n<em> Theater: d&#8217;Manne streiket<\/em><br \/>\n<em> Regie: Bruno R\u00f6thlisberger<\/em><\/p>\n<p><em>Saal\u00f6ffnung ab 19.00 Uhr<\/em><\/p>\n<p><em>Reservationen bei Oskar Kradolfer<\/em><br \/>\n<em> Tel: 052 745 16 20<\/em><br \/>\n<em> Werktags: 17:00 &#8211; 19:00 Uhr<\/em><\/p>\n<p><em><strong>Essen:<\/strong><\/em><\/p>\n<ul>\n<li><em>Braten mit Salat<\/em><\/li>\n<li><em>Braten mit Brot<\/em><\/li>\n<li><em>Salatteller<\/em><\/li>\n<li><em>Schweinsw\u00fcrschtli<\/em><\/li>\n<li><em>Kuchenbuffet<\/em><\/li>\n<li><em>Getr\u00e4nke<\/em><\/li>\n<\/ul>\n<h4><em>\u00a0<strong>Projekts\u00e4nger unterst\u00fctzen uns an Konzerten und Unterhaltungen<\/strong><\/em><\/h4>\n<p><em>vom 4. Februar und 11. Februar 2017 in der Mehrzweckhalle Schulhaus Rietacher Oberneunforn:<\/em><br \/>\n<em> Reto Dalla Vecchia Schaffhausen 2. Tenor<\/em><br \/>\n<em> Sandro Hartmann Oberneunforn 1. Tenor<\/em><br \/>\n<em> Werner Reiser Frauenfeld 1. Bass<\/em><br \/>\n<em> Charly Leuenberger Schaffhausen 1. Bass<\/em><br \/>\n<em> Max Graf Schaffhausen 2. Bass<\/em><\/p>\n<p><em>Wir S\u00e4nger vom M\u00e4nnerchor danken Euch f\u00fcr die tolle<\/em><br \/>\n<em> Kameradschaft und die Verbesserung unseres Gesangs nat\u00fcrlich verst\u00e4rkt mit unserer Dirigentin<\/em><br \/>\n<em> Evelyne Leutwyler.<\/em><\/p>\n<p><em>Hast Du Lust mal bei uns ganz unverbindlich reinzuschauen, telefoniere einfach Bruno B\u00e4chi. Tel. 052 745 27 72 oder Tel. Nr. 079 744 31 55<\/em><\/p>\n<p><em>Der M\u00e4nnerchor Oberneunforn freut sich sehr auf Ihren Besuch.<\/em><\/p>\n<h4><em>Aus der Presse (von Theres Schurter)<\/em><\/h4>\n<p><em>Unter der Leitung von Dirigentin Evelyne Leutwyler war die Freude und Leidenschaft der M\u00e4nner am Gesang fast zum Greifen sp\u00fcrbar.<\/em><\/p>\n<p><em>Das Publikum war sich einig: Aus jeder Stimme war das Optimum herausgeholt und im Chor zu einem harmonischen Ganzen zusammengef\u00fcgt worden. Bekannte Lieder wie &#8222;En Kafi mit Schnaps&#8220;, &#8222;Die alte Kneipe an unserer Strasse&#8220;, &#8222;Feuer der Sehnsucht&#8220; zogen die Zuh\u00f6rer in ihren Bann und liessen den Alltag f\u00fcr einige Stunden vergessen. Eine \u00e4ltere Dame h\u00e4tte den von Sandro Hartmann als Solo aufgef\u00fchrten &#8222;de Heiri h\u00e4t sis Chalb verkauft&#8220; von Ruedi Walter gerne ein zweites Mal geh\u00f6rt. Am kommenden Samstag h\u00e4tte sie die M\u00f6glichkeit dazu. Dann findet die Abendunterhaltung erneut statt, wiederum in Turnhalle Rietacker in Oberneunforn.<\/em><\/p>\n<p><em>Infolge Ausfalls der Pianistin begleitete die Dirigentin, Evelyne Leutwyler, den Chor gleich selber am Klavier, meisterte diese Doppelbelastung jedoch mit Bravour und professionellem Einsatz. Auffallend originell und abwechslungsreich war die Aufstellung der S\u00e4nger auf der B\u00fchne w\u00e4hrend der Lieder. Kein stures Strammstehen im Halbkreis oder in einer Linie. Da wurde dem &#8222;\u00c4tti&#8220; ein bequemer Stuhl hingeschoben oder am Tisch wurde gejasst. Ob sich die vier Herren dabei jedoch noch aufs Singen konzentrieren konnten, ist fraglich. 1848 Kilogramm Kampfgewicht. Statt einer Tombola wurde ein Wettbewerb durchgef\u00fchrt. &#8222;Eine Tombola gibt viel Arbeit, wir werden nicht fauler, nur \u00e4lter&#8220;, erkl\u00e4rte Ueli Brack dem Publikum augenzwinkernd. Als erster Preis winkte ein 40-min\u00fctiger Rundflug ab Lommis. Dazu musste das Kampfgewicht aller 19 S\u00e4nger zusammen gesch\u00e4tzt werden. Die gl\u00fcckliche Gewinnerin Monika Hagen aus Wilen bei Neunforn lag mit 1848Kilogramm genau richtig. Am n\u00e4chsten Samstag wird selbstverst\u00e4ndlich eine neue Aufgabe gestellt.<\/em><\/p>\n<p><em>Beim turbulenten Lustspiel &#8222;D\u2019Manne streiked&#8220;, das unter der seit 20 Jahren bew\u00e4hrten Regie von Bruno R\u00f6thlisberger in vielen Stunden einge\u00fcbt war, wurden die Lachmuskeln arg strapaziert. Wer h\u00e4tte auch erwartet, dass den von ihren Frauen unterdr\u00fcckten M\u00e4nnern Werner Hubacher und Fritz Keller ausgerechnet eine junge Dame wieder zu ihrem Selbstbewusstsein verhelfen w\u00fcrde? Die Mimik, die Tragik in der Stimmlage \u2013 die Laien \u00fcberzeugten. &#8222;Ch\u00fcschtige&#8220; W\u00fcrstli zum Abschluss Vor der Vorstellung ab 19 Uhr, w\u00e4hrend der Pause und nach dem Theater war auch f\u00fcr das leibliche Wohl gesorgt: zarter Braten, &#8222;ch\u00fcschtige&#8220; W\u00fcrstli sowie Salat, dazu ein Gl\u00e4schen einheimischer Wein und das reichhaltige Dessertbuffet mit duftendem Kaffee liessen keine W\u00fcnsche offen. Wer das Tanzbein schwingen wollte, f\u00fcr den hatte Andi die richtige Musik auf Lager.<\/em><\/p>\n<hr \/>\n<p><em>\u00c4ltere Daten &#8211;&gt; siehe <a href=\"https:\/\/maennerchor-oberneunforn.ch\/?page_id=1369\">Archiv<\/a><\/em><\/p>\n<h2>Konzerte 2016<\/h2>\n<h3>Weihnachtskonzert\u00a0in der Kirche Oberneunforn<\/h3>\n<p style=\"text-align: left;\"><strong>Sonntag 18. Dez. 2016 um 18.00 h<\/strong><\/p>\n<ul>\n<li style=\"text-align: left;\">Belcanto-Chor Hilzingen<\/li>\n<li style=\"text-align: left;\">Comedian tales<\/li>\n<li style=\"text-align: left;\">M\u00e4nnerchor Oberneunforn (dirigiert von Evelyne Leutwyler)<\/li>\n<\/ul>\n<p>begleitet mit Weihnachtsgedanken von Bruno Ammann<\/p>\n<hr \/>\n<p><a href=\"https:\/\/maennerchor-oberneunforn.ch\/wp-content\/uploads\/2016\/05\/DSC08940_1680.jpg\"><img loading=\"lazy\" decoding=\"async\" class=\"alignnone size-medium wp-image-781\" style=\"float: right; margin-left: 12px; margin-bottom: 5px;\" src=\"https:\/\/maennerchor-oberneunforn.ch\/wp-content\/uploads\/2016\/05\/DSC08940_1680-300x200.jpg\" alt=\"\" width=\"300\" height=\"200\" srcset=\"https:\/\/maennerchor-oberneunforn.ch\/wp-content\/uploads\/2016\/05\/DSC08940_1680-300x200.jpg 300w, https:\/\/maennerchor-oberneunforn.ch\/wp-content\/uploads\/2016\/05\/DSC08940_1680-768x512.jpg 768w, https:\/\/maennerchor-oberneunforn.ch\/wp-content\/uploads\/2016\/05\/DSC08940_1680-1024x683.jpg 1024w, https:\/\/maennerchor-oberneunforn.ch\/wp-content\/uploads\/2016\/05\/DSC08940_1680-272x182.jpg 272w, https:\/\/maennerchor-oberneunforn.ch\/wp-content\/uploads\/2016\/05\/DSC08940_1680-400x267.jpg 400w, https:\/\/maennerchor-oberneunforn.ch\/wp-content\/uploads\/2016\/05\/DSC08940_1680.jpg 1680w\" sizes=\"auto, (max-width: 300px) 100vw, 300px\" \/><\/a>Der M\u00e4nnerchor Oberneunforn plant jedes Jahr an ausgew\u00e4hlten Feiertagen oder zu besonderen Anl\u00e4ssen Konzerte f\u00fcr die Einwohner der <a title=\"Politische Gemeinde Neunforn\" href=\"http:\/\/www.neunforn.ch\/\" target=\"_blank\" rel=\"noopener noreferrer\">politischen Gemeinde Neunforn<\/a>. Diese werden jeweils innerhalb der Gemeinden Oberneunforn, Niederneunforn und Wilen ausgeschrieben. Selbstverst\u00e4ndlich sind auch alle ausw\u00e4rtigen Besucher jederzeit\u00a0herzlich willkommen. Wir freuen uns darauf, Sie mit unseren Liedern unterhalten zu d\u00fcrfen.<\/p>\n<p>Die Teilnahme des M\u00e4nnerchors Oberneunforn an Gesangveranstaltungen der verschiedenen regionalen, kantonalen und gesamtschweizerischen\u00a0<a title=\"Verb\u00e4nde\" href=\"https:\/\/maennerchor-oberneunforn.ch\/?page_id=59\">Verb\u00e4nde<\/a>\u00a0ist auch immer wieder ein Bestandteil unseres j\u00e4hrlichen Programms. Oftmals besteht dabei f\u00fcr die angemeldeten\u00a0Ch\u00f6re auch die M\u00f6glichkeit, die gesangliche Leistung von einem Expertengremium bewerten zu lassen. Eine Gesangveranstaltung ist aber in erster Linie ein Fest und eine Gelegenheit in einer geselligen Atmosph\u00e4re Kontakte zu anderen Ch\u00f6ren zu kn\u00fcpfen und zu pflegen.<\/p>\n<hr \/>\n<h3>Fr\u00fchlingskonzert<\/h3>\n<p>Die Welt ver\u00e4ndert sich rasend schnell und auch der M\u00e4nnerchor Oberneunforn muss sich den damit verbundenen Herausforderungen stellen. Wir laden Sie deshalb ganz herzlich zu unserem Fr\u00fchlingskonzert\u00a0ein, an dem wir sie mit einer Auswahl verschiedenster Lieder unter der musikalischen Leitung von Evelyne Leutwyler unterhalten m\u00f6chten.<\/p>\n<p><strong>Datum\/Zeit:<\/strong> Samstag, 21. Mai 2016, 19:00 Uhr<br \/>\n<strong>Ort:<\/strong>\u00a0Evangelische Kirche in Oberneunforn<br \/>\n<strong>Eintritt:<\/strong> Frei (Kollekte)<\/p>\n<p>Der M\u00e4nnerchor Oberneunforn offeriert im Anschluss an das Konzert allen Besuchern einen Ap\u00e9ro.<\/p>\n<hr \/>\n<h1>Konzerte 2015<\/h1>\n<h3>Muttertags-Singen<\/h3>\n<p>Der M\u00e4nnerchor Oberneunforn heisst\u00a0alle M\u00fctter, Grossm\u00fctter, Urgrossm\u00fctter\u00a0und all Ihre Lieben herzlich willkommen zu\u00a0unserem traditionellen <a title=\"Muttertags-Singen vom 10. Mai 2015\" href=\"https:\/\/maennerchor-oberneunforn.ch\/download\/Konzerte\/Muttertags-Singen_2015-05-10.pdf\" target=\"_blank\" rel=\"noopener noreferrer\">Muttertags-Singen<\/a>.<\/p>\n<p>Wir freuen uns darauf, Sie mit unseren Liedern\u00a0einen Augenblick aus dem Alltag entf\u00fchren zu d\u00fcrfen!<\/p>\n<p><strong>Datum\/Zeit:<\/strong> Sonntag, 10. Mai 2015, 19:00 Uhr<br \/>\n<strong>Ort:<\/strong> Mehrzweckraum der Gemeindeverwaltung in Oberneunforn<\/p>\n<p>Der M\u00e4nnerchor Oberneunforn offeriert im Anschluss an das Muttertags-Singen allen Besuchern einen Ap\u00e9ro.<\/p>\n<h3>Schweizer Gesangfest Meiringen<\/h3>\n<p>Am <a title=\"Schweizer Gesangfest Meiringen\" href=\"http:\/\/www.gesangfest.ch\/\" target=\"_blank\" rel=\"noopener noreferrer\">Schweizer Gesangfest Meiringen<\/a>\u00a0vom 12. bis 21. Juni 2015 treten ca.\u00a060 Ch\u00f6re aus allen Landesteilen an 19 <a title=\"Festkonzerte\" href=\"http:\/\/www.gesangfest.ch\/de\/Angebot\/Singen\/Festkonzerte\" target=\"_blank\" rel=\"noopener noreferrer\">Festkonzerten<\/a> auf. 443 Ch\u00f6re aus der ganzen Schweiz haben sich im Rahmen der Veranstaltung f\u00fcr das <a title=\"Singen vor Experten\" href=\"http:\/\/www.gesangfest.ch\/de\/Angebot\/Singen\/Singen_vor_Experten\" target=\"_blank\" rel=\"noopener noreferrer\">Singen vor Experten<\/a> angemeldet. Der M\u00e4nnerchor Oberneunforn geh\u00f6rt auch dazu. Wir werden mit den Liedern &#8222;You Raise Me Up&#8220;, &#8222;Kalinka&#8220; und &#8222;Do You Hear The People Sing?&#8220; teilnehmen (<a href=\"https:\/\/maennerchor-oberneunforn.ch\/download\/Konzerte\/Schweizer_Gesangfest_Meiringen_2015.m4a\" target=\"_blank\" rel=\"noopener noreferrer\">MP4-Datei<\/a>).<\/p>\n<p><strong>Datum\/Zeit:<\/strong> Samstag, 13. Juni 2015, 10:15 Uhr<\/p>\n<p><strong>Ort:<\/strong>\u00a0KHG Saal in Meiringen (siehe <a href=\"http:\/\/www.gesangfest.ch\/cmsfiles\/ortsplan_gesangfest.pdf\" target=\"_blank\" rel=\"noopener noreferrer\">Ortsplan<\/a>)<\/p>\n<p>Ein Besuch des\u00a0Schweizer Gesangfest Meiringen lohnt sich und wir w\u00fcrden uns freuen, wenn Sie uns als Zuh\u00f6rer unterst\u00fctzen w\u00fcrden.<\/p>\n<h3>Stammertal-Singen<\/h3>\n<p>Der M\u00e4nnerchor Oberneunforn freut sich darauf,\u00a0die Bewohner des <a href=\"http:\/\/www.apz-stammertal.ch\/\" target=\"_blank\" rel=\"noopener noreferrer\">Alters- und Pflegezentrums Stammertal<\/a> mit einer Auswahl von Liedern unterhalten zu d\u00fcrfen.<\/p>\n<p><strong>Datum\/Zeit:<\/strong> Montag, 15. Juni 2015, 19:00 Uhr<br \/>\n<strong>Ort:<\/strong> Alters- und Pflegezentrum Stammertal in Oberstammheim<\/p>\n<h3>100 Jahre M\u00e4nnerchor Buch bei Frauenfeld<\/h3>\n<p>Der <a title=\"M\u00e4nnerchor Buch bei Frauenfeld\" href=\"http:\/\/www.maennerchor-buch.ch\/\" target=\"_blank\" rel=\"noopener noreferrer\">M\u00e4nnerchor Buch bei Frauenfeld<\/a> feiert im Jahr 2015 sein 100-j\u00e4hriges Bestehen. Dieses freudige Ereignis wird mit einem S\u00e4ngertag unter Mitwirkung der Ch\u00f6re des S\u00e4ngerverbands Harmonie gefeiert.<\/p>\n<p><strong>Datum\/Zeit:<\/strong>\u00a0Sonntag, 30. August 2015, 10:00 Uhr<br \/>\n<strong>Ort:<\/strong>\u00a0Kapelle in Buch bei Frauenfeld (siehe <a href=\"http:\/\/www.maennerchor-buch.ch\/maennerchor-buch.ch\/Situationsplan.html\" target=\"_blank\" rel=\"noopener noreferrer\">Situationsplan<\/a>)<\/p>\n<h3>Bettags-Gottesdienst (Bettags-Singen)<\/h3>\n<p>Wir laden Sie ein zur Teilnahme am Bettags-Gottesdienst der <a title=\"Evangelische Kirchgemeinde Neunforn\" href=\"http:\/\/www.neunforn.ch\/kirchgemeinde\/evangelische-kirchgemeinde\" target=\"_blank\" rel=\"noopener noreferrer\">Evangelischen Kirchgemeinde Neunforn<\/a> unter Mitwirkung des M\u00e4nnerchors Oberneunforn.<\/p>\n<p><strong>Datum\/Zeit:<\/strong> Sonntag, 20. September 2015, 09:30 Uhr<br \/>\n<strong>Ort:<\/strong> Evangelische Kirche in Oberneunforn<\/p>\n<hr \/>\n<h1>\u00a0Konzerte 2014<\/h1>\n<h3>Muttertags-Singen<\/h3>\n<p>Der M\u00e4nnerchor Oberneunforn heisst\u00a0alle M\u00fctter, Grossm\u00fctter, Urgrossm\u00fctter\u00a0und all Ihre Lieben herzlich willkommen zu\u00a0unserem traditionellen <a title=\"Muttertags-Singen vom 11. Mai 2014\" href=\"https:\/\/maennerchor-oberneunforn.ch\/download\/Konzerte\/Muttertags-Singen_2014-05-11.pdf\" target=\"_blank\" rel=\"noopener noreferrer\">Muttertags-Singen<\/a>.<\/p>\n<p>Wir freuen uns darauf, Sie mit unseren Liedern\u00a0einen Augenblick aus dem Alltag entf\u00fchren zu d\u00fcrfen!<\/p>\n<p><strong>Datum\/Zeit:<\/strong> Sonntag, 11. Mai 2014, 19:00 Uhr<br \/>\n<strong>Ort:<\/strong> Mehrzweckraum der Gemeindeverwaltung in Oberneunforn<\/p>\n<p>Der M\u00e4nnerchor Oberneunforn offeriert im Anschluss an das Muttertags-Singen allen Besuchern einen Ap\u00e9ro.<\/p>\n<h3>Bettags-Gottesdienst (Bettags-Singen)<\/h3>\n<p>Wir laden Sie ein zur Teilnahme am Bettags-Gottesdienst der <a title=\"Evangelische Kirchgemeinde Neunforn\" href=\"http:\/\/www.neunforn.ch\/kirchgemeinde\/evangelische-kirchgemeinde\" target=\"_blank\" rel=\"noopener noreferrer\">Evangelischen Kirchgemeinde Neunforn<\/a> unter Mitwirkung des M\u00e4nnerchors Oberneunforn.<\/p>\n<p><strong>Datum\/Zeit:<\/strong> Sonntag, 21. September 2014, 09:30 Uhr<br \/>\n<strong>Ort:<\/strong> Evangelische Kirche in Oberneunforn<\/p>\n","protected":false},"excerpt":{"rendered":"<p>Abendunterhaltung, 1.\/2. Februar 2020 Kunterbunt ging die Abendunterhaltung unter der Leitung von Christian Seidel \u00fcber die B\u00fchne. Ohne grosse Nervosit\u00e4t, aber mit Humor gab er Kostproben gelebter Musik. Das Konzert begann mit schwungvollen Melodien aus Osteuropa und dem Balkan mit rassigen, feurigen T\u00e4nze mit Liebesschw\u00fcren an unerreichbare Grazien, die den M\u00e4nnern nur den Kopf verdrehen. [&hellip;]<\/p>\n","protected":false},"author":1,"featured_media":0,"parent":53,"menu_order":0,"comment_status":"closed","ping_status":"closed","template":"home-panels.php","meta":{"footnotes":""},"class_list":["post-736","page","type-page","status-publish","hentry","post"],"_links":{"self":[{"href":"https:\/\/maennerchor-oberneunforn.ch\/index.php?rest_route=\/wp\/v2\/pages\/736","targetHints":{"allow":["GET"]}}],"collection":[{"href":"https:\/\/maennerchor-oberneunforn.ch\/index.php?rest_route=\/wp\/v2\/pages"}],"about":[{"href":"https:\/\/maennerchor-oberneunforn.ch\/index.php?rest_route=\/wp\/v2\/types\/page"}],"author":[{"embeddable":true,"href":"https:\/\/maennerchor-oberneunforn.ch\/index.php?rest_route=\/wp\/v2\/users\/1"}],"replies":[{"embeddable":true,"href":"https:\/\/maennerchor-oberneunforn.ch\/index.php?rest_route=%2Fwp%2Fv2%2Fcomments&post=736"}],"version-history":[{"count":24,"href":"https:\/\/maennerchor-oberneunforn.ch\/index.php?rest_route=\/wp\/v2\/pages\/736\/revisions"}],"predecessor-version":[{"id":1841,"href":"https:\/\/maennerchor-oberneunforn.ch\/index.php?rest_route=\/wp\/v2\/pages\/736\/revisions\/1841"}],"up":[{"embeddable":true,"href":"https:\/\/maennerchor-oberneunforn.ch\/index.php?rest_route=\/wp\/v2\/pages\/53"}],"wp:attachment":[{"href":"https:\/\/maennerchor-oberneunforn.ch\/index.php?rest_route=%2Fwp%2Fv2%2Fmedia&parent=736"}],"curies":[{"name":"wp","href":"https:\/\/api.w.org\/{rel}","templated":true}]}}